{"id":2471,"date":"2025-03-11T13:55:58","date_gmt":"2025-03-11T13:55:58","guid":{"rendered":"https:\/\/vinhocallum.pt\/vinhos-beira-interior\/?page_id=2471"},"modified":"2025-03-19T18:13:52","modified_gmt":"2025-03-19T18:13:52","slug":"sobre-fr","status":"publish","type":"page","link":"https:\/\/vinhocallum.pt\/vinhos-beira-interior\/index.php\/fr\/sobre-fr\/","title":{"rendered":"Sobre FR"},"content":{"rendered":"\t\t<div data-elementor-type=\"wp-page\" data-elementor-id=\"2471\" class=\"elementor elementor-2471\">\n\t\t\t\t<div class=\"elementor-element elementor-element-4e962f5 e-con-full e-flex e-con e-parent\" data-id=\"4e962f5\" data-element_type=\"container\" data-e-type=\"container\" data-settings=\"{&quot;background_background&quot;:&quot;classic&quot;}\">\n\t\t\t\t<div class=\"elementor-element elementor-element-3488b75 elementor-widget elementor-widget-heading\" data-id=\"3488b75\" data-element_type=\"widget\" data-e-type=\"widget\" data-widget_type=\"heading.default\">\n\t\t\t\t<div class=\"elementor-widget-container\">\n\t\t\t\t\t<h2 class=\"elementor-heading-title elementor-size-default\">Le projet Cepa C\u2019alua<\/h2>\t\t\t\t<\/div>\n\t\t\t\t<\/div>\n\t\t\t\t<\/div>\n\t\t<div class=\"elementor-element elementor-element-b92e6d3 e-flex e-con-boxed e-con e-parent\" data-id=\"b92e6d3\" data-element_type=\"container\" data-e-type=\"container\" data-settings=\"{&quot;background_background&quot;:&quot;classic&quot;}\">\n\t\t\t\t\t<div class=\"e-con-inner\">\n\t\t\t\t\t<\/div>\n\t\t\t\t<\/div>\n\t\t<div class=\"elementor-element elementor-element-a85a71c e-flex e-con-boxed e-con e-parent\" data-id=\"a85a71c\" data-element_type=\"container\" data-e-type=\"container\" data-settings=\"{&quot;background_background&quot;:&quot;classic&quot;}\">\n\t\t\t\t\t<div class=\"e-con-inner\">\n\t\t<div class=\"elementor-element elementor-element-e801267 e-con-full e-flex e-con e-child\" data-id=\"e801267\" data-element_type=\"container\" data-e-type=\"container\">\n\t\t\t\t<div class=\"elementor-element elementor-element-68bce81 elementor-widget__width-auto elementor-widget elementor-widget-heading\" data-id=\"68bce81\" data-element_type=\"widget\" data-e-type=\"widget\" data-widget_type=\"heading.default\">\n\t\t\t\t<div class=\"elementor-widget-container\">\n\t\t\t\t\t<h2 class=\"elementor-heading-title elementor-size-default\">Notre Histoire<\/h2>\t\t\t\t<\/div>\n\t\t\t\t<\/div>\n\t\t\t\t<div class=\"elementor-element elementor-element-49287af elementor-widget__width-initial elementor-widget elementor-widget-text-editor\" data-id=\"49287af\" data-element_type=\"widget\" data-e-type=\"widget\" data-widget_type=\"text-editor.default\">\n\t\t\t\t<div class=\"elementor-widget-container\">\n\t\t\t\t\t\t\t\t\t<p>L\u2019histoire de Cepa C\u2019alua est l\u2019histoire d\u2019une renaissance. Pendant des si\u00e8cles, le c\u00e9page Callum a \u00e9t\u00e9 un tr\u00e9sor cach\u00e9 parmi les pentes et les vall\u00e9es d&#8217;Oleiros, survivant discr\u00e8tement au passage du temps. Ce c\u00e9page rare, au profil unique et \u00e0 l\u2019identit\u00e9 incomparable, \u00e9tait au bord de l\u2019oubli jusqu\u2019\u00e0 ce que deux passions se croisent : celle de la terre et celle du vin.<\/p>\t\t\t\t\t\t\t\t<\/div>\n\t\t\t\t<\/div>\n\t\t\t\t<\/div>\n\t\t<div class=\"elementor-element elementor-element-3b769ac e-con-full e-flex e-con e-child\" data-id=\"3b769ac\" data-element_type=\"container\" data-e-type=\"container\">\n\t\t\t\t<div class=\"elementor-element elementor-element-4372460 elementor-widget elementor-widget-image\" data-id=\"4372460\" data-element_type=\"widget\" data-e-type=\"widget\" data-widget_type=\"image.default\">\n\t\t\t\t<div class=\"elementor-widget-container\">\n\t\t\t\t\t\t\t\t\t\t\t\t\t\t\t<img fetchpriority=\"high\" decoding=\"async\" width=\"600\" height=\"400\" src=\"https:\/\/vinhocallum.pt\/vinhos-beira-interior\/wp-content\/uploads\/2025\/02\/mesa-vinho-callum-otmz.jpg\" class=\"attachment-large size-large wp-image-1899\" alt=\"\" srcset=\"https:\/\/vinhocallum.pt\/vinhos-beira-interior\/wp-content\/uploads\/2025\/02\/mesa-vinho-callum-otmz.jpg 600w, https:\/\/vinhocallum.pt\/vinhos-beira-interior\/wp-content\/uploads\/2025\/02\/mesa-vinho-callum-otmz-300x200.jpg 300w\" sizes=\"(max-width: 600px) 100vw, 600px\" \/>\t\t\t\t\t\t\t\t\t\t\t\t\t\t\t<\/div>\n\t\t\t\t<\/div>\n\t\t\t\t<\/div>\n\t\t\t\t\t<\/div>\n\t\t\t\t<\/div>\n\t\t<div class=\"elementor-element elementor-element-5b925de e-flex e-con-boxed e-con e-parent\" data-id=\"5b925de\" data-element_type=\"container\" data-e-type=\"container\" data-settings=\"{&quot;background_background&quot;:&quot;classic&quot;}\">\n\t\t\t\t\t<div class=\"e-con-inner\">\n\t\t<div class=\"elementor-element elementor-element-1ad5601 e-con-full e-flex e-con e-child\" data-id=\"1ad5601\" data-element_type=\"container\" data-e-type=\"container\">\n\t\t\t\t<div class=\"elementor-element elementor-element-62faf5a elementor-widget elementor-widget-image\" data-id=\"62faf5a\" data-element_type=\"widget\" data-e-type=\"widget\" data-widget_type=\"image.default\">\n\t\t\t\t<div class=\"elementor-widget-container\">\n\t\t\t\t\t\t\t\t\t\t\t\t\t\t\t<img decoding=\"async\" width=\"740\" height=\"590\" src=\"https:\/\/vinhocallum.pt\/vinhos-beira-interior\/wp-content\/uploads\/2025\/02\/vinho-callum-2019-otmz.jpg\" class=\"attachment-large size-large wp-image-1904\" alt=\"\" srcset=\"https:\/\/vinhocallum.pt\/vinhos-beira-interior\/wp-content\/uploads\/2025\/02\/vinho-callum-2019-otmz.jpg 740w, https:\/\/vinhocallum.pt\/vinhos-beira-interior\/wp-content\/uploads\/2025\/02\/vinho-callum-2019-otmz-300x239.jpg 300w\" sizes=\"(max-width: 740px) 100vw, 740px\" \/>\t\t\t\t\t\t\t\t\t\t\t\t\t\t\t<\/div>\n\t\t\t\t<\/div>\n\t\t\t\t<\/div>\n\t\t<div class=\"elementor-element elementor-element-9b19df5 e-con-full e-flex e-con e-child\" data-id=\"9b19df5\" data-element_type=\"container\" data-e-type=\"container\">\n\t\t\t\t<div class=\"elementor-element elementor-element-2a3efed elementor-widget__width-initial elementor-widget elementor-widget-text-editor\" data-id=\"2a3efed\" data-element_type=\"widget\" data-e-type=\"widget\" data-widget_type=\"text-editor.default\">\n\t\t\t\t<div class=\"elementor-widget-container\">\n\t\t\t\t\t\t\t\t\t<p>C\u2019est dans ce but qu\u2019est n\u00e9 Cepa C\u2019alua, un projet d\u00e9di\u00e9 \u00e0 la r\u00e9cup\u00e9ration et \u00e0 la valorisation de ce joyau perdu de la viticulture portugaise. En combinant le respect de la tradition avec une approche innovante de la vinification, nous avons transform\u00e9 Callum en une exp\u00e9rience unique dans le verre.<\/p><p>Aujourd\u2019hui, chaque bouteille raconte sa force, son authenticit\u00e9 et son \u00e9l\u00e9gance intemporelle.<\/p>\t\t\t\t\t\t\t\t<\/div>\n\t\t\t\t<\/div>\n\t\t\t\t<\/div>\n\t\t\t\t\t<\/div>\n\t\t\t\t<\/div>\n\t\t<div class=\"elementor-element elementor-element-84ea810 e-con-full e-flex e-con e-parent\" data-id=\"84ea810\" data-element_type=\"container\" data-e-type=\"container\" data-settings=\"{&quot;background_background&quot;:&quot;classic&quot;}\">\n\t\t\t\t<div class=\"elementor-element elementor-element-7b4c086 elementor-hidden-widescreen elementor-hidden-desktop elementor-hidden-tablet elementor-widget elementor-widget-heading\" data-id=\"7b4c086\" data-element_type=\"widget\" data-e-type=\"widget\" data-widget_type=\"heading.default\">\n\t\t\t\t<div class=\"elementor-widget-container\">\n\t\t\t\t\t<h2 class=\"elementor-heading-title elementor-size-default\">Cardosa, le vin... <br>une histoire inspirante<\/h2>\t\t\t\t<\/div>\n\t\t\t\t<\/div>\n\t\t\t\t<div class=\"elementor-element elementor-element-339f54c elementor-hidden-mobile elementor-widget elementor-widget-heading\" data-id=\"339f54c\" data-element_type=\"widget\" data-e-type=\"widget\" data-widget_type=\"heading.default\">\n\t\t\t\t<div class=\"elementor-widget-container\">\n\t\t\t\t\t<h2 class=\"elementor-heading-title elementor-size-default\">Cardosa, le vin... une histoire inspirante<\/h2>\t\t\t\t<\/div>\n\t\t\t\t<\/div>\n\t\t\t\t<\/div>\n\t\t<div class=\"elementor-element elementor-element-0e00840 e-flex e-con-boxed e-con e-parent\" data-id=\"0e00840\" data-element_type=\"container\" data-e-type=\"container\" data-settings=\"{&quot;background_background&quot;:&quot;classic&quot;}\">\n\t\t\t\t\t<div class=\"e-con-inner\">\n\t\t\t\t\t<\/div>\n\t\t\t\t<\/div>\n\t\t<div class=\"elementor-element elementor-element-ce3e9ca e-flex e-con-boxed e-con e-parent\" data-id=\"ce3e9ca\" data-element_type=\"container\" data-e-type=\"container\" data-settings=\"{&quot;background_background&quot;:&quot;classic&quot;}\">\n\t\t\t\t\t<div class=\"e-con-inner\">\n\t\t<div class=\"elementor-element elementor-element-462c7f1 e-con-full e-flex e-con e-child\" data-id=\"462c7f1\" data-element_type=\"container\" data-e-type=\"container\">\n\t\t\t\t<div class=\"elementor-element elementor-element-9fee7ee elementor-widget elementor-widget-heading\" data-id=\"9fee7ee\" data-element_type=\"widget\" data-e-type=\"widget\" data-widget_type=\"heading.default\">\n\t\t\t\t<div class=\"elementor-widget-container\">\n\t\t\t\t\t<h2 class=\"elementor-heading-title elementor-size-default\"><b>R\u00e9gion |<\/b> Oleiros<\/h2>\t\t\t\t<\/div>\n\t\t\t\t<\/div>\n\t\t\t\t<div class=\"elementor-element elementor-element-7f320f2 elementor-arrows-position-inside elementor-widget elementor-widget-image-carousel\" data-id=\"7f320f2\" data-element_type=\"widget\" data-e-type=\"widget\" data-settings=\"{&quot;slides_to_show&quot;:&quot;1&quot;,&quot;navigation&quot;:&quot;arrows&quot;,&quot;autoplay&quot;:&quot;yes&quot;,&quot;pause_on_hover&quot;:&quot;yes&quot;,&quot;pause_on_interaction&quot;:&quot;yes&quot;,&quot;autoplay_speed&quot;:5000,&quot;infinite&quot;:&quot;yes&quot;,&quot;effect&quot;:&quot;slide&quot;,&quot;speed&quot;:500}\" data-widget_type=\"image-carousel.default\">\n\t\t\t\t<div class=\"elementor-widget-container\">\n\t\t\t\t\t\t\t<div class=\"elementor-image-carousel-wrapper swiper\" role=\"region\" aria-roledescription=\"carousel\" aria-label=\"Carrossel de imagens\" dir=\"ltr\">\n\t\t\t<div class=\"elementor-image-carousel swiper-wrapper\" aria-live=\"off\">\n\t\t\t\t\t\t\t\t<div class=\"swiper-slide\" role=\"group\" aria-roledescription=\"slide\" aria-label=\"1 sur 7\"><figure class=\"swiper-slide-inner\"><img decoding=\"async\" class=\"swiper-slide-image\" src=\"https:\/\/vinhocallum.pt\/vinhos-beira-interior\/wp-content\/uploads\/2025\/02\/cepa-calua_vinho-callum_oleiros_beira-interior-6.jpg\" alt=\"cepa calua_vinho callum_oleiros_beira interior (6)\" \/><\/figure><\/div><div class=\"swiper-slide\" role=\"group\" aria-roledescription=\"slide\" aria-label=\"2 sur 7\"><figure class=\"swiper-slide-inner\"><img decoding=\"async\" class=\"swiper-slide-image\" src=\"https:\/\/vinhocallum.pt\/vinhos-beira-interior\/wp-content\/uploads\/2025\/02\/cepa-calua_vinho-callum_oleiros_beira-interior-4.jpg\" alt=\"cepa calua_vinho callum_oleiros_beira interior (4)\" \/><\/figure><\/div><div class=\"swiper-slide\" role=\"group\" aria-roledescription=\"slide\" aria-label=\"3 sur 7\"><figure class=\"swiper-slide-inner\"><img decoding=\"async\" class=\"swiper-slide-image\" src=\"https:\/\/vinhocallum.pt\/vinhos-beira-interior\/wp-content\/uploads\/2025\/02\/cepa-calua_vinho-callum_oleiros_beira-interior-9.jpg\" alt=\"cepa calua_vinho callum_oleiros_beira interior (9)\" \/><\/figure><\/div><div class=\"swiper-slide\" role=\"group\" aria-roledescription=\"slide\" aria-label=\"4 sur 7\"><figure class=\"swiper-slide-inner\"><img decoding=\"async\" class=\"swiper-slide-image\" src=\"https:\/\/vinhocallum.pt\/vinhos-beira-interior\/wp-content\/uploads\/2025\/02\/cepa-calua_vinho-callum_oleiros_beira-interior-5.jpg\" alt=\"cepa calua_vinho callum_oleiros_beira interior (5)\" \/><\/figure><\/div><div class=\"swiper-slide\" role=\"group\" aria-roledescription=\"slide\" aria-label=\"5 sur 7\"><figure class=\"swiper-slide-inner\"><img decoding=\"async\" class=\"swiper-slide-image\" src=\"https:\/\/vinhocallum.pt\/vinhos-beira-interior\/wp-content\/uploads\/2025\/02\/cepa-calua_vinho-callum_oleiros_beira-interior-8.jpg\" alt=\"cepa calua_vinho callum_oleiros_beira interior (8)\" \/><\/figure><\/div><div class=\"swiper-slide\" role=\"group\" aria-roledescription=\"slide\" aria-label=\"6 sur 7\"><figure class=\"swiper-slide-inner\"><img decoding=\"async\" class=\"swiper-slide-image\" src=\"https:\/\/vinhocallum.pt\/vinhos-beira-interior\/wp-content\/uploads\/2025\/02\/cepa-calua_vinho-callum_oleiros_beira-interior-3.jpg\" alt=\"cepa calua_vinho callum_oleiros_beira interior (3)\" \/><\/figure><\/div><div class=\"swiper-slide\" role=\"group\" aria-roledescription=\"slide\" aria-label=\"7 sur 7\"><figure class=\"swiper-slide-inner\"><img decoding=\"async\" class=\"swiper-slide-image\" src=\"https:\/\/vinhocallum.pt\/vinhos-beira-interior\/wp-content\/uploads\/2025\/02\/cepa-calua_vinho-callum_oleiros_beira-interior-10.jpg\" alt=\"cepa calua_vinho callum_oleiros_beira interior (10)\" \/><\/figure><\/div>\t\t\t<\/div>\n\t\t\t\t\t\t\t\t\t\t\t\t<div class=\"elementor-swiper-button elementor-swiper-button-prev\" role=\"button\" tabindex=\"0\">\n\t\t\t\t\t\t<svg aria-hidden=\"true\" class=\"e-font-icon-svg e-eicon-chevron-left\" viewBox=\"0 0 1000 1000\" xmlns=\"http:\/\/www.w3.org\/2000\/svg\"><path d=\"M646 125C629 125 613 133 604 142L308 442C296 454 292 471 292 487 292 504 296 521 308 533L604 854C617 867 629 875 646 875 663 875 679 871 692 858 704 846 713 829 713 812 713 796 708 779 692 767L438 487 692 225C700 217 708 204 708 187 708 171 704 154 692 142 675 129 663 125 646 125Z\"><\/path><\/svg>\t\t\t\t\t<\/div>\n\t\t\t\t\t<div class=\"elementor-swiper-button elementor-swiper-button-next\" role=\"button\" tabindex=\"0\">\n\t\t\t\t\t\t<svg aria-hidden=\"true\" class=\"e-font-icon-svg e-eicon-chevron-right\" viewBox=\"0 0 1000 1000\" xmlns=\"http:\/\/www.w3.org\/2000\/svg\"><path d=\"M696 533C708 521 713 504 713 487 713 471 708 454 696 446L400 146C388 133 375 125 354 125 338 125 325 129 313 142 300 154 292 171 292 187 292 204 296 221 308 233L563 492 304 771C292 783 288 800 288 817 288 833 296 850 308 863 321 871 338 875 354 875 371 875 388 867 400 854L696 533Z\"><\/path><\/svg>\t\t\t\t\t<\/div>\n\t\t\t\t\n\t\t\t\t\t\t\t\t\t<\/div>\n\t\t\t\t\t\t<\/div>\n\t\t\t\t<\/div>\n\t\t\t\t<\/div>\n\t\t<div class=\"elementor-element elementor-element-b723294 e-con-full e-flex e-con e-child\" data-id=\"b723294\" data-element_type=\"container\" data-e-type=\"container\">\n\t\t\t\t<div class=\"elementor-element elementor-element-3c9539b elementor-widget__width-initial elementor-widget elementor-widget-text-editor\" data-id=\"3c9539b\" data-element_type=\"widget\" data-e-type=\"widget\" data-widget_type=\"text-editor.default\">\n\t\t\t\t<div class=\"elementor-widget-container\">\n\t\t\t\t\t\t\t\t\t<p>Oleiros est plus qu\u2019un lieu : c\u2019est un paysage sculpt\u00e9 par le temps, o\u00f9 la nature dicte les r\u00e8gles et o\u00f9 le vin prend vie. Situ\u00e9e dans la Beira Interior, cette r\u00e9gion montagneuse b\u00e9n\u00e9ficie d&#8217;un terroir unique : des sols granitiques qui donnent fra\u00eecheur et min\u00e9ralit\u00e9 aux vins, et un climat extr\u00eame qui donne caract\u00e8re et structure aux raisins.<\/p><p>Ici, les vignobles de raisin Callum se d\u00e9veloppent comme les t\u00e9moins vivants d&#8217;une tradition s\u00e9culaire. Entre rivi\u00e8res et for\u00eats, prot\u00e9g\u00e9s par un \u00e9cosyst\u00e8me riche et pur, ils d\u00e9veloppent un profil distinct, o\u00f9 acidit\u00e9 vibrante et ar\u00f4mes d\u00e9licats se combinent pour cr\u00e9er des vins \u00e9quilibr\u00e9s et inoubliables.<\/p>\t\t\t\t\t\t\t\t<\/div>\n\t\t\t\t<\/div>\n\t\t\t\t<\/div>\n\t\t\t\t\t<\/div>\n\t\t\t\t<\/div>\n\t\t<div class=\"elementor-element elementor-element-eab63b0 elementor-hidden-mobile e-flex e-con-boxed e-con e-parent\" data-id=\"eab63b0\" data-element_type=\"container\" data-e-type=\"container\" data-settings=\"{&quot;background_background&quot;:&quot;classic&quot;}\">\n\t\t\t\t\t<div class=\"e-con-inner\">\n\t\t<div class=\"elementor-element elementor-element-be304d3 e-con-full e-flex e-con e-child\" data-id=\"be304d3\" data-element_type=\"container\" data-e-type=\"container\">\n\t\t\t\t<div class=\"elementor-element elementor-element-edeeb06 elementor-widget elementor-widget-heading\" data-id=\"edeeb06\" data-element_type=\"widget\" data-e-type=\"widget\" data-widget_type=\"heading.default\">\n\t\t\t\t<div class=\"elementor-widget-container\">\n\t\t\t\t\t<h2 class=\"elementor-heading-title elementor-size-default\">A.L.T. Unip. lda<\/h2>\t\t\t\t<\/div>\n\t\t\t\t<\/div>\n\t\t\t\t<div class=\"elementor-element elementor-element-4b6c1e6 elementor-widget elementor-widget-spacer\" data-id=\"4b6c1e6\" data-element_type=\"widget\" data-e-type=\"widget\" data-widget_type=\"spacer.default\">\n\t\t\t\t<div class=\"elementor-widget-container\">\n\t\t\t\t\t\t\t<div class=\"elementor-spacer\">\n\t\t\t<div class=\"elementor-spacer-inner\"><\/div>\n\t\t<\/div>\n\t\t\t\t\t\t<\/div>\n\t\t\t\t<\/div>\n\t\t\t\t<div class=\"elementor-element elementor-element-a546b5e elementor-widget__width-initial elementor-widget elementor-widget-text-editor\" data-id=\"a546b5e\" data-element_type=\"widget\" data-e-type=\"widget\" data-widget_type=\"text-editor.default\">\n\t\t\t\t<div class=\"elementor-widget-container\">\n\t\t\t\t\t\t\t\t\t<p>Le projet S\u00e9rgio &amp; Tiod\u00f3sio est n\u00e9 au d\u00e9but de l&#8217;ouverture de cette entreprise avec le besoin de mise en bouteille, d&#8217;\u00e9tiquetage et d&#8217;accompagnement dans la r\u00e9colte du vin CALLUM avec la plus grande rigueur et d\u00e9vouement, \u00e9tant un partenariat qui se poursuit \u00e0 ce jour.<\/p><p>Nous croyons que l&#8217;\u0153nologie va au-del\u00e0 de la technique, c&#8217;est un travail de proximit\u00e9 avec les producteurs, comprenant leurs besoins et aidant \u00e0 transformer leur vision en r\u00e9alit\u00e9. C&#8217;est avec fiert\u00e9 que nous continuons \u00e0 marcher aux c\u00f4t\u00e9s des vins Cepa C&#8217;alua, en veillant \u00e0 ce que chaque bouteille refl\u00e8te le d\u00e9vouement et le caract\u00e8re qui la rendent sp\u00e9ciale.<\/p>\t\t\t\t\t\t\t\t<\/div>\n\t\t\t\t<\/div>\n\t\t\t\t<\/div>\n\t\t<div class=\"elementor-element elementor-element-bc2bab4 e-con-full e-flex e-con e-child\" data-id=\"bc2bab4\" data-element_type=\"container\" data-e-type=\"container\">\n\t\t\t\t<div class=\"elementor-element elementor-element-c5d38fd elementor-arrows-position-inside elementor-widget elementor-widget-image-carousel\" data-id=\"c5d38fd\" data-element_type=\"widget\" data-e-type=\"widget\" data-settings=\"{&quot;slides_to_show&quot;:&quot;1&quot;,&quot;navigation&quot;:&quot;arrows&quot;,&quot;autoplay&quot;:&quot;yes&quot;,&quot;pause_on_hover&quot;:&quot;yes&quot;,&quot;pause_on_interaction&quot;:&quot;yes&quot;,&quot;autoplay_speed&quot;:5000,&quot;infinite&quot;:&quot;yes&quot;,&quot;effect&quot;:&quot;slide&quot;,&quot;speed&quot;:500}\" data-widget_type=\"image-carousel.default\">\n\t\t\t\t<div class=\"elementor-widget-container\">\n\t\t\t\t\t\t\t<div class=\"elementor-image-carousel-wrapper swiper\" role=\"region\" aria-roledescription=\"carousel\" aria-label=\"Carrossel de imagens\" dir=\"ltr\">\n\t\t\t<div class=\"elementor-image-carousel swiper-wrapper swiper-image-stretch\" aria-live=\"off\">\n\t\t\t\t\t\t\t\t<div class=\"swiper-slide\" role=\"group\" aria-roledescription=\"slide\" aria-label=\"1 sur 2\"><figure class=\"swiper-slide-inner\"><img decoding=\"async\" class=\"swiper-slide-image\" src=\"https:\/\/vinhocallum.pt\/vinhos-beira-interior\/wp-content\/uploads\/2025\/03\/vinho-cepa-callum-produtor-otmz.jpeg\" alt=\"vinho-cepa-callum-produtor (otmz)\" \/><\/figure><\/div><div class=\"swiper-slide\" role=\"group\" aria-roledescription=\"slide\" aria-label=\"2 sur 2\"><figure class=\"swiper-slide-inner\"><img decoding=\"async\" class=\"swiper-slide-image\" src=\"https:\/\/vinhocallum.pt\/vinhos-beira-interior\/wp-content\/uploads\/2025\/03\/produtora-callum-otmz.jpg\" alt=\"produtora-callum (otmz)\" \/><\/figure><\/div>\t\t\t<\/div>\n\t\t\t\t\t\t\t\t\t\t\t\t<div class=\"elementor-swiper-button elementor-swiper-button-prev\" role=\"button\" tabindex=\"0\">\n\t\t\t\t\t\t<svg aria-hidden=\"true\" class=\"e-font-icon-svg e-eicon-chevron-left\" viewBox=\"0 0 1000 1000\" xmlns=\"http:\/\/www.w3.org\/2000\/svg\"><path d=\"M646 125C629 125 613 133 604 142L308 442C296 454 292 471 292 487 292 504 296 521 308 533L604 854C617 867 629 875 646 875 663 875 679 871 692 858 704 846 713 829 713 812 713 796 708 779 692 767L438 487 692 225C700 217 708 204 708 187 708 171 704 154 692 142 675 129 663 125 646 125Z\"><\/path><\/svg>\t\t\t\t\t<\/div>\n\t\t\t\t\t<div class=\"elementor-swiper-button elementor-swiper-button-next\" role=\"button\" tabindex=\"0\">\n\t\t\t\t\t\t<svg aria-hidden=\"true\" class=\"e-font-icon-svg e-eicon-chevron-right\" viewBox=\"0 0 1000 1000\" xmlns=\"http:\/\/www.w3.org\/2000\/svg\"><path d=\"M696 533C708 521 713 504 713 487 713 471 708 454 696 446L400 146C388 133 375 125 354 125 338 125 325 129 313 142 300 154 292 171 292 187 292 204 296 221 308 233L563 492 304 771C292 783 288 800 288 817 288 833 296 850 308 863 321 871 338 875 354 875 371 875 388 867 400 854L696 533Z\"><\/path><\/svg>\t\t\t\t\t<\/div>\n\t\t\t\t\n\t\t\t\t\t\t\t\t\t<\/div>\n\t\t\t\t\t\t<\/div>\n\t\t\t\t<\/div>\n\t\t\t\t<\/div>\n\t\t\t\t\t<\/div>\n\t\t\t\t<\/div>\n\t\t<div class=\"elementor-element elementor-element-4045028 elementor-hidden-desktop elementor-hidden-tablet e-flex e-con-boxed e-con e-parent\" data-id=\"4045028\" data-element_type=\"container\" data-e-type=\"container\" data-settings=\"{&quot;background_background&quot;:&quot;classic&quot;}\">\n\t\t\t\t\t<div class=\"e-con-inner\">\n\t\t<div class=\"elementor-element elementor-element-6e7c314 e-con-full e-flex e-con e-child\" data-id=\"6e7c314\" data-element_type=\"container\" data-e-type=\"container\">\n\t\t\t\t<div class=\"elementor-element elementor-element-2ade588 elementor-arrows-position-inside elementor-widget elementor-widget-image-carousel\" data-id=\"2ade588\" data-element_type=\"widget\" data-e-type=\"widget\" data-settings=\"{&quot;slides_to_show&quot;:&quot;1&quot;,&quot;navigation&quot;:&quot;arrows&quot;,&quot;autoplay&quot;:&quot;yes&quot;,&quot;pause_on_hover&quot;:&quot;yes&quot;,&quot;pause_on_interaction&quot;:&quot;yes&quot;,&quot;autoplay_speed&quot;:5000,&quot;infinite&quot;:&quot;yes&quot;,&quot;effect&quot;:&quot;slide&quot;,&quot;speed&quot;:500}\" data-widget_type=\"image-carousel.default\">\n\t\t\t\t<div class=\"elementor-widget-container\">\n\t\t\t\t\t\t\t<div class=\"elementor-image-carousel-wrapper swiper\" role=\"region\" aria-roledescription=\"carousel\" aria-label=\"Carrossel de imagens\" dir=\"ltr\">\n\t\t\t<div class=\"elementor-image-carousel swiper-wrapper swiper-image-stretch\" aria-live=\"off\">\n\t\t\t\t\t\t\t\t<div class=\"swiper-slide\" role=\"group\" aria-roledescription=\"slide\" aria-label=\"1 sur 2\"><figure class=\"swiper-slide-inner\"><img decoding=\"async\" class=\"swiper-slide-image\" src=\"https:\/\/vinhocallum.pt\/vinhos-beira-interior\/wp-content\/uploads\/2025\/03\/vinho-cepa-callum-produtor-otmz.jpeg\" alt=\"vinho-cepa-callum-produtor (otmz)\" \/><\/figure><\/div><div class=\"swiper-slide\" role=\"group\" aria-roledescription=\"slide\" aria-label=\"2 sur 2\"><figure class=\"swiper-slide-inner\"><img decoding=\"async\" class=\"swiper-slide-image\" src=\"https:\/\/vinhocallum.pt\/vinhos-beira-interior\/wp-content\/uploads\/2025\/03\/produtora-callum-otmz.jpg\" alt=\"produtora-callum (otmz)\" \/><\/figure><\/div>\t\t\t<\/div>\n\t\t\t\t\t\t\t\t\t\t\t\t<div class=\"elementor-swiper-button elementor-swiper-button-prev\" role=\"button\" tabindex=\"0\">\n\t\t\t\t\t\t<svg aria-hidden=\"true\" class=\"e-font-icon-svg e-eicon-chevron-left\" viewBox=\"0 0 1000 1000\" xmlns=\"http:\/\/www.w3.org\/2000\/svg\"><path d=\"M646 125C629 125 613 133 604 142L308 442C296 454 292 471 292 487 292 504 296 521 308 533L604 854C617 867 629 875 646 875 663 875 679 871 692 858 704 846 713 829 713 812 713 796 708 779 692 767L438 487 692 225C700 217 708 204 708 187 708 171 704 154 692 142 675 129 663 125 646 125Z\"><\/path><\/svg>\t\t\t\t\t<\/div>\n\t\t\t\t\t<div class=\"elementor-swiper-button elementor-swiper-button-next\" role=\"button\" tabindex=\"0\">\n\t\t\t\t\t\t<svg aria-hidden=\"true\" class=\"e-font-icon-svg e-eicon-chevron-right\" viewBox=\"0 0 1000 1000\" xmlns=\"http:\/\/www.w3.org\/2000\/svg\"><path d=\"M696 533C708 521 713 504 713 487 713 471 708 454 696 446L400 146C388 133 375 125 354 125 338 125 325 129 313 142 300 154 292 171 292 187 292 204 296 221 308 233L563 492 304 771C292 783 288 800 288 817 288 833 296 850 308 863 321 871 338 875 354 875 371 875 388 867 400 854L696 533Z\"><\/path><\/svg>\t\t\t\t\t<\/div>\n\t\t\t\t\n\t\t\t\t\t\t\t\t\t<\/div>\n\t\t\t\t\t\t<\/div>\n\t\t\t\t<\/div>\n\t\t\t\t<\/div>\n\t\t<div class=\"elementor-element elementor-element-d848bfc e-con-full e-flex e-con e-child\" data-id=\"d848bfc\" data-element_type=\"container\" data-e-type=\"container\">\n\t\t\t\t<div class=\"elementor-element elementor-element-d4cce9f elementor-widget elementor-widget-heading\" data-id=\"d4cce9f\" data-element_type=\"widget\" data-e-type=\"widget\" data-widget_type=\"heading.default\">\n\t\t\t\t<div class=\"elementor-widget-container\">\n\t\t\t\t\t<h2 class=\"elementor-heading-title elementor-size-default\">A.L.T. Unip. lda<\/h2>\t\t\t\t<\/div>\n\t\t\t\t<\/div>\n\t\t\t\t<div class=\"elementor-element elementor-element-878505c elementor-widget__width-initial elementor-widget elementor-widget-text-editor\" data-id=\"878505c\" data-element_type=\"widget\" data-e-type=\"widget\" data-widget_type=\"text-editor.default\">\n\t\t\t\t<div class=\"elementor-widget-container\">\n\t\t\t\t\t\t\t\t\t<p>Le projet S\u00e9rgio &amp; Tiod\u00f3sio est n\u00e9 au d\u00e9but de l&#8217;ouverture de cette entreprise avec le besoin de mise en bouteille, d&#8217;\u00e9tiquetage et d&#8217;accompagnement dans la r\u00e9colte du vin CALLUM avec la plus grande rigueur et d\u00e9vouement, \u00e9tant un partenariat qui se poursuit \u00e0 ce jour.<\/p><p>Nous croyons que l&#8217;\u0153nologie va au-del\u00e0 de la technique, c&#8217;est un travail de proximit\u00e9 avec les producteurs, comprenant leurs besoins et aidant \u00e0 transformer leur vision en r\u00e9alit\u00e9. C&#8217;est avec fiert\u00e9 que nous continuons \u00e0 marcher aux c\u00f4t\u00e9s des vins Cepa C&#8217;alua, en veillant \u00e0 ce que chaque bouteille refl\u00e8te le d\u00e9vouement et le caract\u00e8re qui la rendent sp\u00e9ciale.<\/p>\t\t\t\t\t\t\t\t<\/div>\n\t\t\t\t<\/div>\n\t\t\t\t<\/div>\n\t\t\t\t\t<\/div>\n\t\t\t\t<\/div>\n\t\t<div class=\"elementor-element elementor-element-e899288 e-flex e-con-boxed e-con e-parent\" data-id=\"e899288\" data-element_type=\"container\" data-e-type=\"container\" data-settings=\"{&quot;background_background&quot;:&quot;classic&quot;}\">\n\t\t\t\t\t<div class=\"e-con-inner\">\n\t\t<div class=\"elementor-element elementor-element-d853115 e-con-full e-flex e-con e-child\" data-id=\"d853115\" data-element_type=\"container\" data-e-type=\"container\">\n\t\t\t\t<div class=\"elementor-element elementor-element-41b1d1d elementor-widget elementor-widget-image\" data-id=\"41b1d1d\" data-element_type=\"widget\" data-e-type=\"widget\" data-widget_type=\"image.default\">\n\t\t\t\t<div class=\"elementor-widget-container\">\n\t\t\t\t\t\t\t\t\t\t\t\t\t\t\t<img decoding=\"async\" width=\"600\" height=\"400\" src=\"https:\/\/vinhocallum.pt\/vinhos-beira-interior\/wp-content\/uploads\/2025\/02\/enologo.jpg\" class=\"attachment-large size-large wp-image-2204\" alt=\"\" srcset=\"https:\/\/vinhocallum.pt\/vinhos-beira-interior\/wp-content\/uploads\/2025\/02\/enologo.jpg 600w, https:\/\/vinhocallum.pt\/vinhos-beira-interior\/wp-content\/uploads\/2025\/02\/enologo-300x200.jpg 300w\" sizes=\"(max-width: 600px) 100vw, 600px\" \/>\t\t\t\t\t\t\t\t\t\t\t\t\t\t\t<\/div>\n\t\t\t\t<\/div>\n\t\t\t\t<\/div>\n\t\t<div class=\"elementor-element elementor-element-5c232fd e-con-full e-flex e-con e-child\" data-id=\"5c232fd\" data-element_type=\"container\" data-e-type=\"container\">\n\t\t\t\t<div class=\"elementor-element elementor-element-5c8bd4d elementor-widget elementor-widget-heading\" data-id=\"5c8bd4d\" data-element_type=\"widget\" data-e-type=\"widget\" data-widget_type=\"heading.default\">\n\t\t\t\t<div class=\"elementor-widget-container\">\n\t\t\t\t\t<h2 class=\"elementor-heading-title elementor-size-default\">Vigneron | Cepa C\u2019alua<\/h2>\t\t\t\t<\/div>\n\t\t\t\t<\/div>\n\t\t\t\t<div class=\"elementor-element elementor-element-a24e522 elementor-hidden-mobile elementor-hidden-tablet elementor-widget elementor-widget-spacer\" data-id=\"a24e522\" data-element_type=\"widget\" data-e-type=\"widget\" data-widget_type=\"spacer.default\">\n\t\t\t\t<div class=\"elementor-widget-container\">\n\t\t\t\t\t\t\t<div class=\"elementor-spacer\">\n\t\t\t<div class=\"elementor-spacer-inner\"><\/div>\n\t\t<\/div>\n\t\t\t\t\t\t<\/div>\n\t\t\t\t<\/div>\n\t\t\t\t<div class=\"elementor-element elementor-element-4127d0e elementor-widget__width-initial elementor-widget elementor-widget-text-editor\" data-id=\"4127d0e\" data-element_type=\"widget\" data-e-type=\"widget\" data-widget_type=\"text-editor.default\">\n\t\t\t\t<div class=\"elementor-widget-container\">\n\t\t\t\t\t\t\t\t\t<p>Ma carri\u00e8re professionnelle a \u00e9t\u00e9 en grande partie li\u00e9e \u00e0 l\u2019assistance et au conseil aux producteurs de la r\u00e9gion du Vinho Verde. En 2017, j\u2019ai rencontr\u00e9 Domingos et S\u00e9rgio, et ils m\u2019ont propos\u00e9 un d\u00e9fi, faire du vin Callum, un c\u00e9page qui \u00e9tait \u00ab dormant \u00bb. J&#8217;ai accept\u00e9 volontiers, car d&#8217;une part on pouvait r\u00e9cup\u00e9rer ce patrimoine viticole, et d&#8217;autre part on pouvait travailler dans une autre r\u00e9gion. La premi\u00e8re r\u00e9colte a \u00e9t\u00e9 tr\u00e8s exigeante, c&#8217;\u00e9tait notre d\u00e9but. Au fil des ann\u00e9es, les conditions se sont am\u00e9lior\u00e9es, la construction d&#8217;une nouvelle cave, l&#8217;acquisition d&#8217;\u00e9quipements et la plantation de nouveaux vignobles, nous ont permis d&#8217;arriver jusqu&#8217;\u00e0 nos jours avec un vin unique et distinct. Je suis tr\u00e8s heureux de faire partie de ce projet qui est pass\u00e9 d\u2019une perspective professionnelle \u00e0 la reconnaissance d\u2019une amiti\u00e9 de longue date. Merci beaucoup.<\/p>\t\t\t\t\t\t\t\t<\/div>\n\t\t\t\t<\/div>\n\t\t\t\t<div class=\"elementor-element elementor-element-f0eeefb elementor-widget elementor-widget-heading\" data-id=\"f0eeefb\" data-element_type=\"widget\" data-e-type=\"widget\" data-widget_type=\"heading.default\">\n\t\t\t\t<div class=\"elementor-widget-container\">\n\t\t\t\t\t<h2 class=\"elementor-heading-title elementor-size-default\">Ing\u00e9nieur Pedro Teixeira<\/h2>\t\t\t\t<\/div>\n\t\t\t\t<\/div>\n\t\t\t\t<\/div>\n\t\t\t\t\t<\/div>\n\t\t\t\t<\/div>\n\t\t<div class=\"elementor-element elementor-element-b6edf61 e-flex e-con-boxed e-con e-parent\" data-id=\"b6edf61\" data-element_type=\"container\" data-e-type=\"container\" data-settings=\"{&quot;background_background&quot;:&quot;classic&quot;}\">\n\t\t\t\t\t<div class=\"e-con-inner\">\n\t\t\t\t<div class=\"elementor-element elementor-element-9b0cdc4 elementor-widget elementor-widget-heading\" data-id=\"9b0cdc4\" data-element_type=\"widget\" data-e-type=\"widget\" data-widget_type=\"heading.default\">\n\t\t\t\t<div class=\"elementor-widget-container\">\n\t\t\t\t\t<h2 class=\"elementor-heading-title elementor-size-default\">\u00c9v\u00e9nements<\/h2>\t\t\t\t<\/div>\n\t\t\t\t<\/div>\n\t\t\t\t<div class=\"elementor-element elementor-element-bba75b6 elementor-widget__width-initial elementor-widget elementor-widget-text-editor\" data-id=\"bba75b6\" data-element_type=\"widget\" data-e-type=\"widget\" data-widget_type=\"text-editor.default\">\n\t\t\t\t<div class=\"elementor-widget-container\">\n\t\t\t\t\t\t\t\t\t<p>Cepa C\u2019alua a \u00e9t\u00e9 constamment pr\u00e9sente lors d\u2019\u00e9v\u00e9nements viticoles, apportant l\u2019histoire et l\u2019exclusivit\u00e9 de nos vins aux amateurs de vin de tout le pays et au-del\u00e0. Chaque \u00e9v\u00e9nement est l\u2019occasion de partager la passion pour Callum et de d\u00e9montrer l\u2019excellence qui distingue nos labels.<\/p>\t\t\t\t\t\t\t\t<\/div>\n\t\t\t\t<\/div>\n\t\t\t\t<div class=\"elementor-element elementor-element-8534097 pa-carousel-template pa-carousel-horizontal pa-arrows-default elementor-widget elementor-widget-premium-carousel-widget\" data-id=\"8534097\" data-element_type=\"widget\" data-e-type=\"widget\" data-widget_type=\"premium-carousel-widget.default\">\n\t\t\t\t<div class=\"elementor-widget-container\">\n\t\t\t\t\t\t\t<div id=\"premium-carousel-wrapper-8534097\" class=\"premium-carousel-wrapper premium-carousel-hidden carousel-wrapper-8534097 \" data-settings=\"{&quot;vertical&quot;:false,&quot;appearance&quot;:&quot;all&quot;,&quot;slidesToShow&quot;:1,&quot;infinite&quot;:true,&quot;speed&quot;:300,&quot;fade&quot;:false,&quot;autoplay&quot;:true,&quot;autoplaySpeed&quot;:5000,&quot;draggable&quot;:true,&quot;touchMove&quot;:true,&quot;adaptiveHeight&quot;:false,&quot;variableWidth&quot;:false,&quot;cssEase&quot;:&quot;ease&quot;,&quot;pauseOnHover&quot;:false,&quot;centerMode&quot;:false,&quot;arrows&quot;:true,&quot;dots&quot;:false,&quot;slidesDesk&quot;:1,&quot;slidesTab&quot;:1,&quot;slidesMob&quot;:1,&quot;animation&quot;:&quot;null&quot;,&quot;tabletBreak&quot;:1025,&quot;mobileBreak&quot;:768,&quot;navigation&quot;:[&quot;&quot;,&quot;&quot;,&quot;&quot;,&quot;&quot;,&quot;&quot;,&quot;&quot;,&quot;&quot;,&quot;&quot;,&quot;&quot;,&quot;&quot;,&quot;&quot;,&quot;&quot;],&quot;carouselNavigation&quot;:true,&quot;templatesNumber&quot;:12,&quot;hasNavSlider&quot;:false,&quot;mouseTilt&quot;:false,&quot;mouseTiltRev&quot;:false}\">\n\t\t\t<!-- Dots -->\n\t\t\t\n\t\t\t\t\t\t\t<div class=\"premium-carousel-nav-arrow-prev\">\n\t\t\t\t\t<a type=\"button\" data-role=\"none\" class=\"carousel-arrow carousel-prev\" aria-label=\"Previous\" role=\"button\">\n\t\t\t\t\t\t\t\t\t\t\t\t\t<i class=\"fas fa-angle-left\" aria-hidden=\"true\"><\/i>\n\t\t\t\t\t\t\t\t\t\t\t\t<\/a>\n\t\t\t\t\t<\/div>\n\t\t\t\t\t<div class=\"premium-carousel-nav-arrow-next\">\n\t\t\t\t\t\t<a type=\"button\" data-role=\"none\" class=\"carousel-arrow carousel-next\" aria-label=\"Next\" role=\"button\">\n\t\t\t\t\t\t\t\t\t\t\t\t\t\t\t<i class=\"fas fa-angle-right\" aria-hidden=\"true\"><\/i>\n\t\t\t\t\t\t\t\t\t\t\t\t\t\t<\/a>\n\t\t\t\t\t<\/div>\n\t\t\t\n\t\t\t<!-- Main Slides -->\n\t\t\t<div id=\"premium-carousel-8534097\" class=\"premium-carousel-inner\">\n\t\t\t\t\t\t\t\t\t\t<div class=\"premium-carousel-template item-wrapper\" >\n\t\t\t\t\t\t\t<style>.elementor-2521 .elementor-element.elementor-element-b9e71ed{--display:flex;--flex-direction:column;--container-widget-width:100%;--container-widget-height:initial;--container-widget-flex-grow:0;--container-widget-align-self:initial;--flex-wrap-mobile:wrap;}.elementor-widget-image .widget-image-caption{color:var( --e-global-color-text );font-family:var( --e-global-typography-text-font-family ), Sans-serif;font-weight:var( --e-global-typography-text-font-weight );}.elementor-widget-heading .elementor-heading-title{font-family:var( --e-global-typography-primary-font-family ), Sans-serif;font-weight:var( --e-global-typography-primary-font-weight );color:var( --e-global-color-primary );}.elementor-2521 .elementor-element.elementor-element-7e574ff{text-align:center;}.elementor-2521 .elementor-element.elementor-element-7e574ff .elementor-heading-title{font-family:\"Martel\", Sans-serif;font-size:18px;font-weight:700;color:#FFF8E7;}@media(max-width:767px){.elementor-2521 .elementor-element.elementor-element-7e574ff .elementor-heading-title{font-size:14px;line-height:1.5em;}}<\/style>\t\t<div data-elementor-type=\"section\" data-elementor-id=\"2521\" class=\"elementor elementor-2521\">\n\t\t\t\t<div class=\"elementor-element elementor-element-b9e71ed e-flex e-con-boxed e-con e-parent\" data-id=\"b9e71ed\" data-element_type=\"container\" data-e-type=\"container\">\n\t\t\t\t\t<div class=\"e-con-inner\">\n\t\t\t\t<div class=\"elementor-element elementor-element-2979f0e elementor-widget elementor-widget-image\" data-id=\"2979f0e\" data-element_type=\"widget\" data-e-type=\"widget\" data-widget_type=\"image.default\">\n\t\t\t\t<div class=\"elementor-widget-container\">\n\t\t\t\t\t\t\t\t\t\t\t\t\t\t\t<img loading=\"lazy\" decoding=\"async\" width=\"1024\" height=\"503\" src=\"https:\/\/vinhocallum.pt\/vinhos-beira-interior\/wp-content\/uploads\/2025\/02\/Eventos-2-1024x503.jpg\" class=\"attachment-large size-large wp-image-1943\" alt=\"\" srcset=\"https:\/\/vinhocallum.pt\/vinhos-beira-interior\/wp-content\/uploads\/2025\/02\/Eventos-2-1024x503.jpg 1024w, https:\/\/vinhocallum.pt\/vinhos-beira-interior\/wp-content\/uploads\/2025\/02\/Eventos-2-300x148.jpg 300w, https:\/\/vinhocallum.pt\/vinhos-beira-interior\/wp-content\/uploads\/2025\/02\/Eventos-2-768x378.jpg 768w, https:\/\/vinhocallum.pt\/vinhos-beira-interior\/wp-content\/uploads\/2025\/02\/Eventos-2.jpg 1200w\" sizes=\"(max-width: 1024px) 100vw, 1024px\" \/>\t\t\t\t\t\t\t\t\t\t\t\t\t\t\t<\/div>\n\t\t\t\t<\/div>\n\t\t\t\t<div class=\"elementor-element elementor-element-7e574ff elementor-widget elementor-widget-heading\" data-id=\"7e574ff\" data-element_type=\"widget\" data-e-type=\"widget\" data-widget_type=\"heading.default\">\n\t\t\t\t<div class=\"elementor-widget-container\">\n\t\t\t\t\t<h3 class=\"elementor-heading-title elementor-size-default\">Festival du vin et de la ch\u00e8vre de Callum, mars 2024 \u2013 Oleiros<\/h3>\t\t\t\t<\/div>\n\t\t\t\t<\/div>\n\t\t\t\t\t<\/div>\n\t\t\t\t<\/div>\n\t\t\t\t<\/div>\n\t\t\n\t\t\t\t\t\t\t\t\t\t\t\t\t<\/div>\n\t\t\t\t\t\t\t\t\t\t\t\t<div class=\"premium-carousel-template item-wrapper\" >\n\t\t\t\t\t\t\t<style>.elementor-2513 .elementor-element.elementor-element-b9e71ed{--display:flex;--flex-direction:column;--container-widget-width:100%;--container-widget-height:initial;--container-widget-flex-grow:0;--container-widget-align-self:initial;--flex-wrap-mobile:wrap;}.elementor-widget-image .widget-image-caption{color:var( --e-global-color-text );font-family:var( --e-global-typography-text-font-family ), Sans-serif;font-weight:var( --e-global-typography-text-font-weight );}.elementor-widget-heading .elementor-heading-title{font-family:var( --e-global-typography-primary-font-family ), Sans-serif;font-weight:var( --e-global-typography-primary-font-weight );color:var( --e-global-color-primary );}.elementor-2513 .elementor-element.elementor-element-7e574ff{text-align:center;}.elementor-2513 .elementor-element.elementor-element-7e574ff .elementor-heading-title{font-family:\"Martel\", Sans-serif;font-size:18px;font-weight:700;color:#FFF8E7;}@media(max-width:767px){.elementor-2513 .elementor-element.elementor-element-7e574ff .elementor-heading-title{font-size:14px;line-height:1.5em;}}<\/style>\t\t<div data-elementor-type=\"section\" data-elementor-id=\"2513\" class=\"elementor elementor-2513\">\n\t\t\t\t<div class=\"elementor-element elementor-element-b9e71ed e-flex e-con-boxed e-con e-parent\" data-id=\"b9e71ed\" data-element_type=\"container\" data-e-type=\"container\">\n\t\t\t\t\t<div class=\"e-con-inner\">\n\t\t\t\t<div class=\"elementor-element elementor-element-2979f0e elementor-widget elementor-widget-image\" data-id=\"2979f0e\" data-element_type=\"widget\" data-e-type=\"widget\" data-widget_type=\"image.default\">\n\t\t\t\t<div class=\"elementor-widget-container\">\n\t\t\t\t\t\t\t\t\t\t\t\t\t\t\t<img loading=\"lazy\" decoding=\"async\" width=\"1024\" height=\"503\" src=\"https:\/\/vinhocallum.pt\/vinhos-beira-interior\/wp-content\/uploads\/2025\/02\/eventos-3b-1024x503.jpg\" class=\"attachment-large size-large wp-image-1953\" alt=\"\" srcset=\"https:\/\/vinhocallum.pt\/vinhos-beira-interior\/wp-content\/uploads\/2025\/02\/eventos-3b-1024x503.jpg 1024w, https:\/\/vinhocallum.pt\/vinhos-beira-interior\/wp-content\/uploads\/2025\/02\/eventos-3b-300x148.jpg 300w, https:\/\/vinhocallum.pt\/vinhos-beira-interior\/wp-content\/uploads\/2025\/02\/eventos-3b-768x378.jpg 768w, https:\/\/vinhocallum.pt\/vinhos-beira-interior\/wp-content\/uploads\/2025\/02\/eventos-3b.jpg 1200w\" sizes=\"(max-width: 1024px) 100vw, 1024px\" \/>\t\t\t\t\t\t\t\t\t\t\t\t\t\t\t<\/div>\n\t\t\t\t<\/div>\n\t\t\t\t<div class=\"elementor-element elementor-element-7e574ff elementor-widget elementor-widget-heading\" data-id=\"7e574ff\" data-element_type=\"widget\" data-e-type=\"widget\" data-widget_type=\"heading.default\">\n\t\t\t\t<div class=\"elementor-widget-container\">\n\t\t\t\t\t<h3 class=\"elementor-heading-title elementor-size-default\">110\u00b0 China Food &amp; Drinks Fair - Wines &amp; Spirits - Du 20 au 22 mars 2024<\/h3>\t\t\t\t<\/div>\n\t\t\t\t<\/div>\n\t\t\t\t\t<\/div>\n\t\t\t\t<\/div>\n\t\t\t\t<\/div>\n\t\t\n\t\t\t\t\t\t\t\t\t\t\t\t\t<\/div>\n\t\t\t\t\t\t\t\t\t\t\t\t<div class=\"premium-carousel-template item-wrapper\" >\n\t\t\t\t\t\t\t<style>.elementor-2512 .elementor-element.elementor-element-b9e71ed{--display:flex;--flex-direction:column;--container-widget-width:100%;--container-widget-height:initial;--container-widget-flex-grow:0;--container-widget-align-self:initial;--flex-wrap-mobile:wrap;}.elementor-widget-image .widget-image-caption{color:var( --e-global-color-text );font-family:var( --e-global-typography-text-font-family ), Sans-serif;font-weight:var( --e-global-typography-text-font-weight );}.elementor-widget-heading .elementor-heading-title{font-family:var( --e-global-typography-primary-font-family ), Sans-serif;font-weight:var( --e-global-typography-primary-font-weight );color:var( --e-global-color-primary );}.elementor-2512 .elementor-element.elementor-element-7e574ff{text-align:center;}.elementor-2512 .elementor-element.elementor-element-7e574ff .elementor-heading-title{font-family:\"Martel\", Sans-serif;font-size:18px;font-weight:700;color:#FFF8E7;}@media(max-width:767px){.elementor-2512 .elementor-element.elementor-element-7e574ff .elementor-heading-title{font-size:14px;line-height:1.5em;}}<\/style>\t\t<div data-elementor-type=\"section\" data-elementor-id=\"2512\" class=\"elementor elementor-2512\">\n\t\t\t\t<div class=\"elementor-element elementor-element-b9e71ed e-flex e-con-boxed e-con e-parent\" data-id=\"b9e71ed\" data-element_type=\"container\" data-e-type=\"container\">\n\t\t\t\t\t<div class=\"e-con-inner\">\n\t\t\t\t<div class=\"elementor-element elementor-element-2979f0e elementor-widget elementor-widget-image\" data-id=\"2979f0e\" data-element_type=\"widget\" data-e-type=\"widget\" data-widget_type=\"image.default\">\n\t\t\t\t<div class=\"elementor-widget-container\">\n\t\t\t\t\t\t\t\t\t\t\t\t\t\t\t<img loading=\"lazy\" decoding=\"async\" width=\"1024\" height=\"503\" src=\"https:\/\/vinhocallum.pt\/vinhos-beira-interior\/wp-content\/uploads\/2025\/02\/eventos-4-1024x503.jpg\" class=\"attachment-large size-large wp-image-1957\" alt=\"\" srcset=\"https:\/\/vinhocallum.pt\/vinhos-beira-interior\/wp-content\/uploads\/2025\/02\/eventos-4-1024x503.jpg 1024w, https:\/\/vinhocallum.pt\/vinhos-beira-interior\/wp-content\/uploads\/2025\/02\/eventos-4-300x148.jpg 300w, https:\/\/vinhocallum.pt\/vinhos-beira-interior\/wp-content\/uploads\/2025\/02\/eventos-4-768x378.jpg 768w, https:\/\/vinhocallum.pt\/vinhos-beira-interior\/wp-content\/uploads\/2025\/02\/eventos-4.jpg 1200w\" sizes=\"(max-width: 1024px) 100vw, 1024px\" \/>\t\t\t\t\t\t\t\t\t\t\t\t\t\t\t<\/div>\n\t\t\t\t<\/div>\n\t\t\t\t<div class=\"elementor-element elementor-element-7e574ff elementor-widget elementor-widget-heading\" data-id=\"7e574ff\" data-element_type=\"widget\" data-e-type=\"widget\" data-widget_type=\"heading.default\">\n\t\t\t\t<div class=\"elementor-widget-container\">\n\t\t\t\t\t<h3 class=\"elementor-heading-title elementor-size-default\">\u00c9v\u00e9nement \u00e0 Saint-Doulchard - Bourges, avril 2024 - France<\/h3>\t\t\t\t<\/div>\n\t\t\t\t<\/div>\n\t\t\t\t\t<\/div>\n\t\t\t\t<\/div>\n\t\t\t\t<\/div>\n\t\t\n\t\t\t\t\t\t\t\t\t\t\t\t\t<\/div>\n\t\t\t\t\t\t\t\t\t\t\t\t<div class=\"premium-carousel-template item-wrapper\" >\n\t\t\t\t\t\t\t<style>.elementor-2511 .elementor-element.elementor-element-b9e71ed{--display:flex;--flex-direction:column;--container-widget-width:100%;--container-widget-height:initial;--container-widget-flex-grow:0;--container-widget-align-self:initial;--flex-wrap-mobile:wrap;}.elementor-widget-image .widget-image-caption{color:var( --e-global-color-text );font-family:var( --e-global-typography-text-font-family ), Sans-serif;font-weight:var( --e-global-typography-text-font-weight );}.elementor-widget-heading .elementor-heading-title{font-family:var( --e-global-typography-primary-font-family ), Sans-serif;font-weight:var( --e-global-typography-primary-font-weight );color:var( --e-global-color-primary );}.elementor-2511 .elementor-element.elementor-element-7e574ff{text-align:center;}.elementor-2511 .elementor-element.elementor-element-7e574ff .elementor-heading-title{font-family:\"Martel\", Sans-serif;font-size:18px;font-weight:700;color:#FFF8E7;}@media(max-width:767px){.elementor-2511 .elementor-element.elementor-element-7e574ff .elementor-heading-title{font-size:14px;line-height:1.5em;}}<\/style>\t\t<div data-elementor-type=\"section\" data-elementor-id=\"2511\" class=\"elementor elementor-2511\">\n\t\t\t\t<div class=\"elementor-element elementor-element-b9e71ed e-flex e-con-boxed e-con e-parent\" data-id=\"b9e71ed\" data-element_type=\"container\" data-e-type=\"container\">\n\t\t\t\t\t<div class=\"e-con-inner\">\n\t\t\t\t<div class=\"elementor-element elementor-element-2979f0e elementor-widget elementor-widget-image\" data-id=\"2979f0e\" data-element_type=\"widget\" data-e-type=\"widget\" data-widget_type=\"image.default\">\n\t\t\t\t<div class=\"elementor-widget-container\">\n\t\t\t\t\t\t\t\t\t\t\t\t\t\t\t<img loading=\"lazy\" decoding=\"async\" width=\"1024\" height=\"503\" src=\"https:\/\/vinhocallum.pt\/vinhos-beira-interior\/wp-content\/uploads\/2025\/02\/eventos-5-1024x503.jpg\" class=\"attachment-large size-large wp-image-1961\" alt=\"\" srcset=\"https:\/\/vinhocallum.pt\/vinhos-beira-interior\/wp-content\/uploads\/2025\/02\/eventos-5-1024x503.jpg 1024w, https:\/\/vinhocallum.pt\/vinhos-beira-interior\/wp-content\/uploads\/2025\/02\/eventos-5-300x148.jpg 300w, https:\/\/vinhocallum.pt\/vinhos-beira-interior\/wp-content\/uploads\/2025\/02\/eventos-5-768x378.jpg 768w, https:\/\/vinhocallum.pt\/vinhos-beira-interior\/wp-content\/uploads\/2025\/02\/eventos-5.jpg 1200w\" sizes=\"(max-width: 1024px) 100vw, 1024px\" \/>\t\t\t\t\t\t\t\t\t\t\t\t\t\t\t<\/div>\n\t\t\t\t<\/div>\n\t\t\t\t<div class=\"elementor-element elementor-element-7e574ff elementor-widget elementor-widget-heading\" data-id=\"7e574ff\" data-element_type=\"widget\" data-e-type=\"widget\" data-widget_type=\"heading.default\">\n\t\t\t\t<div class=\"elementor-widget-container\">\n\t\t\t\t\t<h3 class=\"elementor-heading-title elementor-size-default\">Petit \u00e9v\u00e9nement dans notre cave \u00e0 vin - 20 avril 2024<\/h3>\t\t\t\t<\/div>\n\t\t\t\t<\/div>\n\t\t\t\t\t<\/div>\n\t\t\t\t<\/div>\n\t\t\t\t<\/div>\n\t\t\n\t\t\t\t\t\t\t\t\t\t\t\t\t<\/div>\n\t\t\t\t\t\t\t\t\t\t\t\t<div class=\"premium-carousel-template item-wrapper\" >\n\t\t\t\t\t\t\t<style>.elementor-2502 .elementor-element.elementor-element-b9e71ed{--display:flex;--flex-direction:column;--container-widget-width:100%;--container-widget-height:initial;--container-widget-flex-grow:0;--container-widget-align-self:initial;--flex-wrap-mobile:wrap;}.elementor-widget-image .widget-image-caption{color:var( --e-global-color-text );font-family:var( --e-global-typography-text-font-family ), Sans-serif;font-weight:var( --e-global-typography-text-font-weight );}.elementor-widget-heading .elementor-heading-title{font-family:var( --e-global-typography-primary-font-family ), Sans-serif;font-weight:var( --e-global-typography-primary-font-weight );color:var( --e-global-color-primary );}.elementor-2502 .elementor-element.elementor-element-7e574ff{text-align:center;}.elementor-2502 .elementor-element.elementor-element-7e574ff .elementor-heading-title{font-family:\"Martel\", Sans-serif;font-size:18px;font-weight:700;color:#FFF8E7;}@media(max-width:767px){.elementor-2502 .elementor-element.elementor-element-7e574ff .elementor-heading-title{font-size:14px;line-height:1.5em;}}<\/style>\t\t<div data-elementor-type=\"section\" data-elementor-id=\"2502\" class=\"elementor elementor-2502\">\n\t\t\t\t<div class=\"elementor-element elementor-element-b9e71ed e-flex e-con-boxed e-con e-parent\" data-id=\"b9e71ed\" data-element_type=\"container\" data-e-type=\"container\">\n\t\t\t\t\t<div class=\"e-con-inner\">\n\t\t\t\t<div class=\"elementor-element elementor-element-2979f0e elementor-widget elementor-widget-image\" data-id=\"2979f0e\" data-element_type=\"widget\" data-e-type=\"widget\" data-widget_type=\"image.default\">\n\t\t\t\t<div class=\"elementor-widget-container\">\n\t\t\t\t\t\t\t\t\t\t\t\t\t\t\t<img loading=\"lazy\" decoding=\"async\" width=\"1024\" height=\"503\" src=\"https:\/\/vinhocallum.pt\/vinhos-beira-interior\/wp-content\/uploads\/2025\/02\/eventos-6-1024x503.jpg\" class=\"attachment-large size-large wp-image-1965\" alt=\"\" srcset=\"https:\/\/vinhocallum.pt\/vinhos-beira-interior\/wp-content\/uploads\/2025\/02\/eventos-6-1024x503.jpg 1024w, https:\/\/vinhocallum.pt\/vinhos-beira-interior\/wp-content\/uploads\/2025\/02\/eventos-6-300x148.jpg 300w, https:\/\/vinhocallum.pt\/vinhos-beira-interior\/wp-content\/uploads\/2025\/02\/eventos-6-768x378.jpg 768w, https:\/\/vinhocallum.pt\/vinhos-beira-interior\/wp-content\/uploads\/2025\/02\/eventos-6.jpg 1200w\" sizes=\"(max-width: 1024px) 100vw, 1024px\" \/>\t\t\t\t\t\t\t\t\t\t\t\t\t\t\t<\/div>\n\t\t\t\t<\/div>\n\t\t\t\t<div class=\"elementor-element elementor-element-7e574ff elementor-widget elementor-widget-heading\" data-id=\"7e574ff\" data-element_type=\"widget\" data-e-type=\"widget\" data-widget_type=\"heading.default\">\n\t\t\t\t<div class=\"elementor-widget-container\">\n\t\t\t\t\t<h3 class=\"elementor-heading-title elementor-size-default\">Exposition de fruits d'automne \u00e0 Oleiros - Novembre 2024<\/h3>\t\t\t\t<\/div>\n\t\t\t\t<\/div>\n\t\t\t\t\t<\/div>\n\t\t\t\t<\/div>\n\t\t\t\t<\/div>\n\t\t\n\t\t\t\t\t\t\t\t\t\t\t\t\t<\/div>\n\t\t\t\t\t\t\t\t\t\t\t\t<div class=\"premium-carousel-template item-wrapper\" >\n\t\t\t\t\t\t\t<style>.elementor-2501 .elementor-element.elementor-element-b9e71ed{--display:flex;--flex-direction:column;--container-widget-width:100%;--container-widget-height:initial;--container-widget-flex-grow:0;--container-widget-align-self:initial;--flex-wrap-mobile:wrap;}.elementor-widget-image .widget-image-caption{color:var( --e-global-color-text );font-family:var( --e-global-typography-text-font-family ), Sans-serif;font-weight:var( --e-global-typography-text-font-weight );}.elementor-widget-heading .elementor-heading-title{font-family:var( --e-global-typography-primary-font-family ), Sans-serif;font-weight:var( --e-global-typography-primary-font-weight );color:var( --e-global-color-primary );}.elementor-2501 .elementor-element.elementor-element-7e574ff{text-align:center;}.elementor-2501 .elementor-element.elementor-element-7e574ff .elementor-heading-title{font-family:\"Martel\", Sans-serif;font-size:18px;font-weight:700;color:#FFF8E7;}@media(max-width:767px){.elementor-2501 .elementor-element.elementor-element-7e574ff .elementor-heading-title{font-size:14px;line-height:1.5em;}}<\/style>\t\t<div data-elementor-type=\"section\" data-elementor-id=\"2501\" class=\"elementor elementor-2501\">\n\t\t\t\t<div class=\"elementor-element elementor-element-b9e71ed e-flex e-con-boxed e-con e-parent\" data-id=\"b9e71ed\" data-element_type=\"container\" data-e-type=\"container\">\n\t\t\t\t\t<div class=\"e-con-inner\">\n\t\t\t\t<div class=\"elementor-element elementor-element-2979f0e elementor-widget elementor-widget-image\" data-id=\"2979f0e\" data-element_type=\"widget\" data-e-type=\"widget\" data-widget_type=\"image.default\">\n\t\t\t\t<div class=\"elementor-widget-container\">\n\t\t\t\t\t\t\t\t\t\t\t\t\t\t\t<img loading=\"lazy\" decoding=\"async\" width=\"1024\" height=\"503\" src=\"https:\/\/vinhocallum.pt\/vinhos-beira-interior\/wp-content\/uploads\/2025\/02\/eventos-7-1024x503.jpg\" class=\"attachment-large size-large wp-image-1969\" alt=\"\" srcset=\"https:\/\/vinhocallum.pt\/vinhos-beira-interior\/wp-content\/uploads\/2025\/02\/eventos-7-1024x503.jpg 1024w, https:\/\/vinhocallum.pt\/vinhos-beira-interior\/wp-content\/uploads\/2025\/02\/eventos-7-300x148.jpg 300w, https:\/\/vinhocallum.pt\/vinhos-beira-interior\/wp-content\/uploads\/2025\/02\/eventos-7-768x378.jpg 768w, https:\/\/vinhocallum.pt\/vinhos-beira-interior\/wp-content\/uploads\/2025\/02\/eventos-7.jpg 1200w\" sizes=\"(max-width: 1024px) 100vw, 1024px\" \/>\t\t\t\t\t\t\t\t\t\t\t\t\t\t\t<\/div>\n\t\t\t\t<\/div>\n\t\t\t\t<div class=\"elementor-element elementor-element-7e574ff elementor-widget elementor-widget-heading\" data-id=\"7e574ff\" data-element_type=\"widget\" data-e-type=\"widget\" data-widget_type=\"heading.default\">\n\t\t\t\t<div class=\"elementor-widget-container\">\n\t\t\t\t\t<h3 class=\"elementor-heading-title elementor-size-default\">Auberge Serra da Estrela - \u00c9v\u00e9nement 15 juillet 2023<\/h3>\t\t\t\t<\/div>\n\t\t\t\t<\/div>\n\t\t\t\t\t<\/div>\n\t\t\t\t<\/div>\n\t\t\t\t<\/div>\n\t\t\n\t\t\t\t\t\t\t\t\t\t\t\t\t<\/div>\n\t\t\t\t\t\t\t\t\t\t\t\t<div class=\"premium-carousel-template item-wrapper\" >\n\t\t\t\t\t\t\t<style>.elementor-2500 .elementor-element.elementor-element-b9e71ed{--display:flex;--flex-direction:column;--container-widget-width:100%;--container-widget-height:initial;--container-widget-flex-grow:0;--container-widget-align-self:initial;--flex-wrap-mobile:wrap;}.elementor-widget-image .widget-image-caption{color:var( --e-global-color-text );font-family:var( --e-global-typography-text-font-family ), Sans-serif;font-weight:var( --e-global-typography-text-font-weight );}.elementor-widget-heading .elementor-heading-title{font-family:var( --e-global-typography-primary-font-family ), Sans-serif;font-weight:var( --e-global-typography-primary-font-weight );color:var( --e-global-color-primary );}.elementor-2500 .elementor-element.elementor-element-7e574ff{text-align:center;}.elementor-2500 .elementor-element.elementor-element-7e574ff .elementor-heading-title{font-family:\"Martel\", Sans-serif;font-size:18px;font-weight:700;color:#FFF8E7;}@media(max-width:767px){.elementor-2500 .elementor-element.elementor-element-7e574ff .elementor-heading-title{font-size:14px;line-height:1.5em;}}<\/style>\t\t<div data-elementor-type=\"section\" data-elementor-id=\"2500\" class=\"elementor elementor-2500\">\n\t\t\t\t<div class=\"elementor-element elementor-element-b9e71ed e-flex e-con-boxed e-con e-parent\" data-id=\"b9e71ed\" data-element_type=\"container\" data-e-type=\"container\">\n\t\t\t\t\t<div class=\"e-con-inner\">\n\t\t\t\t<div class=\"elementor-element elementor-element-2979f0e elementor-widget elementor-widget-image\" data-id=\"2979f0e\" data-element_type=\"widget\" data-e-type=\"widget\" data-widget_type=\"image.default\">\n\t\t\t\t<div class=\"elementor-widget-container\">\n\t\t\t\t\t\t\t\t\t\t\t\t\t\t\t<img loading=\"lazy\" decoding=\"async\" width=\"1024\" height=\"503\" src=\"https:\/\/vinhocallum.pt\/vinhos-beira-interior\/wp-content\/uploads\/2025\/02\/eventos-8-1024x503.jpg\" class=\"attachment-large size-large wp-image-1973\" alt=\"\" srcset=\"https:\/\/vinhocallum.pt\/vinhos-beira-interior\/wp-content\/uploads\/2025\/02\/eventos-8-1024x503.jpg 1024w, https:\/\/vinhocallum.pt\/vinhos-beira-interior\/wp-content\/uploads\/2025\/02\/eventos-8-300x148.jpg 300w, https:\/\/vinhocallum.pt\/vinhos-beira-interior\/wp-content\/uploads\/2025\/02\/eventos-8-768x378.jpg 768w, https:\/\/vinhocallum.pt\/vinhos-beira-interior\/wp-content\/uploads\/2025\/02\/eventos-8.jpg 1200w\" sizes=\"(max-width: 1024px) 100vw, 1024px\" \/>\t\t\t\t\t\t\t\t\t\t\t\t\t\t\t<\/div>\n\t\t\t\t<\/div>\n\t\t\t\t<div class=\"elementor-element elementor-element-7e574ff elementor-widget elementor-widget-heading\" data-id=\"7e574ff\" data-element_type=\"widget\" data-e-type=\"widget\" data-widget_type=\"heading.default\">\n\t\t\t\t<div class=\"elementor-widget-container\">\n\t\t\t\t\t<h3 class=\"elementor-heading-title elementor-size-default\">Restaurant Encosta da Muralha \u00e0 Castelo Branco - Juillet 2023<\/h3>\t\t\t\t<\/div>\n\t\t\t\t<\/div>\n\t\t\t\t\t<\/div>\n\t\t\t\t<\/div>\n\t\t\t\t<\/div>\n\t\t\n\t\t\t\t\t\t\t\t\t\t\t\t\t<\/div>\n\t\t\t\t\t\t\t\t\t\t\t\t<div class=\"premium-carousel-template item-wrapper\" >\n\t\t\t\t\t\t\t<style>.elementor-2895 .elementor-element.elementor-element-566f88f9{--display:flex;--flex-direction:column;--container-widget-width:100%;--container-widget-height:initial;--container-widget-flex-grow:0;--container-widget-align-self:initial;--flex-wrap-mobile:wrap;}.elementor-widget-image .widget-image-caption{color:var( --e-global-color-text );font-family:var( --e-global-typography-text-font-family ), Sans-serif;font-weight:var( --e-global-typography-text-font-weight );}.elementor-widget-heading .elementor-heading-title{font-family:var( --e-global-typography-primary-font-family ), Sans-serif;font-weight:var( --e-global-typography-primary-font-weight );color:var( --e-global-color-primary );}.elementor-2895 .elementor-element.elementor-element-31accbff{text-align:center;}.elementor-2895 .elementor-element.elementor-element-31accbff .elementor-heading-title{font-family:\"Martel\", Sans-serif;font-size:18px;font-weight:700;color:#FFF8E7;}@media(max-width:767px){.elementor-2895 .elementor-element.elementor-element-31accbff .elementor-heading-title{font-size:14px;line-height:1.5em;}}<\/style>\t\t<div data-elementor-type=\"section\" data-elementor-id=\"2895\" class=\"elementor elementor-2895\">\n\t\t\t\t<div class=\"elementor-element elementor-element-566f88f9 e-flex e-con-boxed e-con e-parent\" data-id=\"566f88f9\" data-element_type=\"container\" data-e-type=\"container\">\n\t\t\t\t\t<div class=\"e-con-inner\">\n\t\t\t\t<div class=\"elementor-element elementor-element-48fdd96a elementor-widget elementor-widget-image\" data-id=\"48fdd96a\" data-element_type=\"widget\" data-e-type=\"widget\" data-widget_type=\"image.default\">\n\t\t\t\t<div class=\"elementor-widget-container\">\n\t\t\t\t\t\t\t\t\t\t\t\t\t\t\t<img loading=\"lazy\" decoding=\"async\" width=\"1024\" height=\"503\" src=\"https:\/\/vinhocallum.pt\/vinhos-beira-interior\/wp-content\/uploads\/2025\/03\/eventos-13-otmz-1024x503.jpg\" class=\"attachment-large size-large wp-image-2891\" alt=\"\" srcset=\"https:\/\/vinhocallum.pt\/vinhos-beira-interior\/wp-content\/uploads\/2025\/03\/eventos-13-otmz-1024x503.jpg 1024w, https:\/\/vinhocallum.pt\/vinhos-beira-interior\/wp-content\/uploads\/2025\/03\/eventos-13-otmz-300x148.jpg 300w, https:\/\/vinhocallum.pt\/vinhos-beira-interior\/wp-content\/uploads\/2025\/03\/eventos-13-otmz-768x378.jpg 768w, https:\/\/vinhocallum.pt\/vinhos-beira-interior\/wp-content\/uploads\/2025\/03\/eventos-13-otmz.jpg 1200w\" sizes=\"(max-width: 1024px) 100vw, 1024px\" \/>\t\t\t\t\t\t\t\t\t\t\t\t\t\t\t<\/div>\n\t\t\t\t<\/div>\n\t\t\t\t<div class=\"elementor-element elementor-element-31accbff elementor-widget elementor-widget-heading\" data-id=\"31accbff\" data-element_type=\"widget\" data-e-type=\"widget\" data-widget_type=\"heading.default\">\n\t\t\t\t<div class=\"elementor-widget-container\">\n\t\t\t\t\t<h3 class=\"elementor-heading-title elementor-size-default\">Promotion du vin Cepa C'alua aupr\u00e8s de clients \u00e9trangers potentiels - CVRBI Guarda<\/h3>\t\t\t\t<\/div>\n\t\t\t\t<\/div>\n\t\t\t\t\t<\/div>\n\t\t\t\t<\/div>\n\t\t\t\t<\/div>\n\t\t\n\t\t\t\t\t\t\t\t\t\t\t\t\t<\/div>\n\t\t\t\t\t\t\t\t\t\t\t\t<div class=\"premium-carousel-template item-wrapper\" >\n\t\t\t\t\t\t\t<style>.elementor-2699 .elementor-element.elementor-element-5e21d934{--display:flex;--flex-direction:column;--container-widget-width:100%;--container-widget-height:initial;--container-widget-flex-grow:0;--container-widget-align-self:initial;--flex-wrap-mobile:wrap;}.elementor-widget-image .widget-image-caption{color:var( --e-global-color-text );font-family:var( --e-global-typography-text-font-family ), Sans-serif;font-weight:var( --e-global-typography-text-font-weight );}.elementor-widget-heading .elementor-heading-title{font-family:var( --e-global-typography-primary-font-family ), Sans-serif;font-weight:var( --e-global-typography-primary-font-weight );color:var( --e-global-color-primary );}.elementor-2699 .elementor-element.elementor-element-1bc77f0{text-align:center;}.elementor-2699 .elementor-element.elementor-element-1bc77f0 .elementor-heading-title{font-family:\"Martel\", Sans-serif;font-size:18px;font-weight:700;color:#FFF8E7;}@media(max-width:767px){.elementor-2699 .elementor-element.elementor-element-1bc77f0 .elementor-heading-title{font-size:14px;line-height:1.5em;}}<\/style>\t\t<div data-elementor-type=\"page\" data-elementor-id=\"2699\" class=\"elementor elementor-2699\">\n\t\t\t\t<div class=\"elementor-element elementor-element-5e21d934 e-flex e-con-boxed e-con e-parent\" data-id=\"5e21d934\" data-element_type=\"container\" data-e-type=\"container\">\n\t\t\t\t\t<div class=\"e-con-inner\">\n\t\t\t\t<div class=\"elementor-element elementor-element-1e96ed54 elementor-widget elementor-widget-image\" data-id=\"1e96ed54\" data-element_type=\"widget\" data-e-type=\"widget\" data-widget_type=\"image.default\">\n\t\t\t\t<div class=\"elementor-widget-container\">\n\t\t\t\t\t\t\t\t\t\t\t\t\t\t\t<img loading=\"lazy\" decoding=\"async\" width=\"1024\" height=\"503\" src=\"https:\/\/vinhocallum.pt\/vinhos-beira-interior\/wp-content\/uploads\/2025\/03\/Casino-do-Estoril-Folk-Fest-otmz-1024x503.jpeg\" class=\"attachment-large size-large wp-image-2676\" alt=\"\" srcset=\"https:\/\/vinhocallum.pt\/vinhos-beira-interior\/wp-content\/uploads\/2025\/03\/Casino-do-Estoril-Folk-Fest-otmz-1024x503.jpeg 1024w, https:\/\/vinhocallum.pt\/vinhos-beira-interior\/wp-content\/uploads\/2025\/03\/Casino-do-Estoril-Folk-Fest-otmz-300x148.jpeg 300w, https:\/\/vinhocallum.pt\/vinhos-beira-interior\/wp-content\/uploads\/2025\/03\/Casino-do-Estoril-Folk-Fest-otmz-768x378.jpeg 768w, https:\/\/vinhocallum.pt\/vinhos-beira-interior\/wp-content\/uploads\/2025\/03\/Casino-do-Estoril-Folk-Fest-otmz.jpeg 1200w\" sizes=\"(max-width: 1024px) 100vw, 1024px\" \/>\t\t\t\t\t\t\t\t\t\t\t\t\t\t\t<\/div>\n\t\t\t\t<\/div>\n\t\t\t\t<div class=\"elementor-element elementor-element-1bc77f0 elementor-widget elementor-widget-heading\" data-id=\"1bc77f0\" data-element_type=\"widget\" data-e-type=\"widget\" data-widget_type=\"heading.default\">\n\t\t\t\t<div class=\"elementor-widget-container\">\n\t\t\t\t\t<h3 class=\"elementor-heading-title elementor-size-default\">Casino Estoril - Folk Fest novembre 2023<\/h3>\t\t\t\t<\/div>\n\t\t\t\t<\/div>\n\t\t\t\t\t<\/div>\n\t\t\t\t<\/div>\n\t\t\t\t<\/div>\n\t\t\n\t\t\t\t\t\t\t\t\t\t\t\t\t<\/div>\n\t\t\t\t\t\t\t\t\t\t\t\t<div class=\"premium-carousel-template item-wrapper\" >\n\t\t\t\t\t\t\t<style>.elementor-2698 .elementor-element.elementor-element-62de5bc5{--display:flex;--flex-direction:column;--container-widget-width:100%;--container-widget-height:initial;--container-widget-flex-grow:0;--container-widget-align-self:initial;--flex-wrap-mobile:wrap;}.elementor-widget-image .widget-image-caption{color:var( --e-global-color-text );font-family:var( --e-global-typography-text-font-family ), Sans-serif;font-weight:var( --e-global-typography-text-font-weight );}.elementor-widget-heading .elementor-heading-title{font-family:var( --e-global-typography-primary-font-family ), Sans-serif;font-weight:var( --e-global-typography-primary-font-weight );color:var( --e-global-color-primary );}.elementor-2698 .elementor-element.elementor-element-76e001d8{text-align:center;}.elementor-2698 .elementor-element.elementor-element-76e001d8 .elementor-heading-title{font-family:\"Martel\", Sans-serif;font-size:18px;font-weight:700;line-height:22px;color:#FFF8E7;}@media(max-width:767px){.elementor-2698 .elementor-element.elementor-element-76e001d8 .elementor-heading-title{font-size:14px;line-height:1.5em;}}<\/style>\t\t<div data-elementor-type=\"page\" data-elementor-id=\"2698\" class=\"elementor elementor-2698\">\n\t\t\t\t<div class=\"elementor-element elementor-element-62de5bc5 e-flex e-con-boxed e-con e-parent\" data-id=\"62de5bc5\" data-element_type=\"container\" data-e-type=\"container\">\n\t\t\t\t\t<div class=\"e-con-inner\">\n\t\t\t\t<div class=\"elementor-element elementor-element-8c337e elementor-widget elementor-widget-image\" data-id=\"8c337e\" data-element_type=\"widget\" data-e-type=\"widget\" data-widget_type=\"image.default\">\n\t\t\t\t<div class=\"elementor-widget-container\">\n\t\t\t\t\t\t\t\t\t\t\t\t\t\t\t<img loading=\"lazy\" decoding=\"async\" width=\"1024\" height=\"503\" src=\"https:\/\/vinhocallum.pt\/vinhos-beira-interior\/wp-content\/uploads\/2025\/03\/Paulo-Savador_Mesa-Nacional-TVI_2-otmz-1024x503.jpg\" class=\"attachment-large size-large wp-image-2810\" alt=\"\" srcset=\"https:\/\/vinhocallum.pt\/vinhos-beira-interior\/wp-content\/uploads\/2025\/03\/Paulo-Savador_Mesa-Nacional-TVI_2-otmz-1024x503.jpg 1024w, https:\/\/vinhocallum.pt\/vinhos-beira-interior\/wp-content\/uploads\/2025\/03\/Paulo-Savador_Mesa-Nacional-TVI_2-otmz-300x148.jpg 300w, https:\/\/vinhocallum.pt\/vinhos-beira-interior\/wp-content\/uploads\/2025\/03\/Paulo-Savador_Mesa-Nacional-TVI_2-otmz-768x378.jpg 768w, https:\/\/vinhocallum.pt\/vinhos-beira-interior\/wp-content\/uploads\/2025\/03\/Paulo-Savador_Mesa-Nacional-TVI_2-otmz.jpg 1200w\" sizes=\"(max-width: 1024px) 100vw, 1024px\" \/>\t\t\t\t\t\t\t\t\t\t\t\t\t\t\t<\/div>\n\t\t\t\t<\/div>\n\t\t\t\t<div class=\"elementor-element elementor-element-76e001d8 elementor-widget elementor-widget-heading\" data-id=\"76e001d8\" data-element_type=\"widget\" data-e-type=\"widget\" data-widget_type=\"heading.default\">\n\t\t\t\t<div class=\"elementor-widget-container\">\n\t\t\t\t\t<h3 class=\"elementor-heading-title elementor-size-default\">BTL Lisbonne - Ann\u00e9e 2024 Paulo Salvador, journaliste et pr\u00e9sentateur et auteur du livre \u00ab Mesa Nacional \u00bb avec le vin Cepa C\u2019alua \u2013 Callum d\u2019Oleiros<\/h3>\t\t\t\t<\/div>\n\t\t\t\t<\/div>\n\t\t\t\t\t<\/div>\n\t\t\t\t<\/div>\n\t\t\t\t<\/div>\n\t\t\n\t\t\t\t\t\t\t\t\t\t\t\t\t<\/div>\n\t\t\t\t\t\t\t\t\t\t\t\t<div class=\"premium-carousel-template item-wrapper\" >\n\t\t\t\t\t\t\t<style>.elementor-2700 .elementor-element.elementor-element-4c0873b3{--display:flex;--flex-direction:column;--container-widget-width:100%;--container-widget-height:initial;--container-widget-flex-grow:0;--container-widget-align-self:initial;--flex-wrap-mobile:wrap;}.elementor-widget-image .widget-image-caption{color:var( --e-global-color-text );font-family:var( --e-global-typography-text-font-family ), Sans-serif;font-weight:var( --e-global-typography-text-font-weight );}.elementor-widget-heading .elementor-heading-title{font-family:var( --e-global-typography-primary-font-family ), Sans-serif;font-weight:var( --e-global-typography-primary-font-weight );color:var( --e-global-color-primary );}.elementor-2700 .elementor-element.elementor-element-40274283{text-align:center;}.elementor-2700 .elementor-element.elementor-element-40274283 .elementor-heading-title{font-family:\"Martel\", Sans-serif;font-size:18px;font-weight:700;color:#FFF8E7;}@media(max-width:767px){.elementor-2700 .elementor-element.elementor-element-40274283 .elementor-heading-title{font-size:14px;line-height:1.5em;}}<\/style>\t\t<div data-elementor-type=\"section\" data-elementor-id=\"2700\" class=\"elementor elementor-2700\">\n\t\t\t\t<div class=\"elementor-element elementor-element-4c0873b3 e-flex e-con-boxed e-con e-parent\" data-id=\"4c0873b3\" data-element_type=\"container\" data-e-type=\"container\">\n\t\t\t\t\t<div class=\"e-con-inner\">\n\t\t\t\t<div class=\"elementor-element elementor-element-5a5944f6 elementor-widget elementor-widget-image\" data-id=\"5a5944f6\" data-element_type=\"widget\" data-e-type=\"widget\" data-widget_type=\"image.default\">\n\t\t\t\t<div class=\"elementor-widget-container\">\n\t\t\t\t\t\t\t\t\t\t\t\t\t\t\t<img loading=\"lazy\" decoding=\"async\" width=\"1024\" height=\"503\" src=\"https:\/\/vinhocallum.pt\/vinhos-beira-interior\/wp-content\/uploads\/2025\/03\/Viana-do-Castelo-otmz-1024x503.jpg\" class=\"attachment-large size-large wp-image-2808\" alt=\"\" srcset=\"https:\/\/vinhocallum.pt\/vinhos-beira-interior\/wp-content\/uploads\/2025\/03\/Viana-do-Castelo-otmz-1024x503.jpg 1024w, https:\/\/vinhocallum.pt\/vinhos-beira-interior\/wp-content\/uploads\/2025\/03\/Viana-do-Castelo-otmz-300x148.jpg 300w, https:\/\/vinhocallum.pt\/vinhos-beira-interior\/wp-content\/uploads\/2025\/03\/Viana-do-Castelo-otmz-768x378.jpg 768w, https:\/\/vinhocallum.pt\/vinhos-beira-interior\/wp-content\/uploads\/2025\/03\/Viana-do-Castelo-otmz.jpg 1200w\" sizes=\"(max-width: 1024px) 100vw, 1024px\" \/>\t\t\t\t\t\t\t\t\t\t\t\t\t\t\t<\/div>\n\t\t\t\t<\/div>\n\t\t\t\t<div class=\"elementor-element elementor-element-40274283 elementor-widget elementor-widget-heading\" data-id=\"40274283\" data-element_type=\"widget\" data-e-type=\"widget\" data-widget_type=\"heading.default\">\n\t\t\t\t<div class=\"elementor-widget-container\">\n\t\t\t\t\t<h3 class=\"elementor-heading-title elementor-size-default\">46e Congr\u00e8s de l'APTN - Viana do Castelo, octobre 2023<\/h3>\t\t\t\t<\/div>\n\t\t\t\t<\/div>\n\t\t\t\t\t<\/div>\n\t\t\t\t<\/div>\n\t\t\t\t<\/div>\n\t\t\n\t\t\t\t\t\t\t\t\t\t\t\t\t<\/div>\n\t\t\t\t\t\t\t\t\t\t\t\t<div class=\"premium-carousel-template item-wrapper\" >\n\t\t\t\t\t\t\t<style>.elementor-2958 .elementor-element.elementor-element-64ed99cc{--display:flex;--flex-direction:column;--container-widget-width:100%;--container-widget-height:initial;--container-widget-flex-grow:0;--container-widget-align-self:initial;--flex-wrap-mobile:wrap;}.elementor-widget-image .widget-image-caption{color:var( --e-global-color-text );font-family:var( --e-global-typography-text-font-family ), Sans-serif;font-weight:var( --e-global-typography-text-font-weight );}.elementor-widget-heading .elementor-heading-title{font-family:var( --e-global-typography-primary-font-family ), Sans-serif;font-weight:var( --e-global-typography-primary-font-weight );color:var( --e-global-color-primary );}.elementor-2958 .elementor-element.elementor-element-736bb103{text-align:center;}.elementor-2958 .elementor-element.elementor-element-736bb103 .elementor-heading-title{font-family:\"Martel\", Sans-serif;font-size:18px;font-weight:700;color:#FFF8E7;}@media(max-width:767px){.elementor-2958 .elementor-element.elementor-element-736bb103 .elementor-heading-title{font-size:14px;line-height:1.5em;}}<\/style>\t\t<div data-elementor-type=\"section\" data-elementor-id=\"2958\" class=\"elementor elementor-2958\">\n\t\t\t\t<div class=\"elementor-element elementor-element-64ed99cc e-flex e-con-boxed e-con e-parent\" data-id=\"64ed99cc\" data-element_type=\"container\" data-e-type=\"container\">\n\t\t\t\t\t<div class=\"e-con-inner\">\n\t\t\t\t<div class=\"elementor-element elementor-element-3810d02c elementor-widget elementor-widget-image\" data-id=\"3810d02c\" data-element_type=\"widget\" data-e-type=\"widget\" data-widget_type=\"image.default\">\n\t\t\t\t<div class=\"elementor-widget-container\">\n\t\t\t\t\t\t\t\t\t\t\t\t\t\t\t<img loading=\"lazy\" decoding=\"async\" width=\"1024\" height=\"503\" src=\"https:\/\/vinhocallum.pt\/vinhos-beira-interior\/wp-content\/uploads\/2025\/03\/btl2025-1024x503.jpg\" class=\"attachment-large size-large wp-image-2954\" alt=\"\" srcset=\"https:\/\/vinhocallum.pt\/vinhos-beira-interior\/wp-content\/uploads\/2025\/03\/btl2025-1024x503.jpg 1024w, https:\/\/vinhocallum.pt\/vinhos-beira-interior\/wp-content\/uploads\/2025\/03\/btl2025-300x148.jpg 300w, https:\/\/vinhocallum.pt\/vinhos-beira-interior\/wp-content\/uploads\/2025\/03\/btl2025-768x378.jpg 768w, https:\/\/vinhocallum.pt\/vinhos-beira-interior\/wp-content\/uploads\/2025\/03\/btl2025.jpg 1200w\" sizes=\"(max-width: 1024px) 100vw, 1024px\" \/>\t\t\t\t\t\t\t\t\t\t\t\t\t\t\t<\/div>\n\t\t\t\t<\/div>\n\t\t\t\t<div class=\"elementor-element elementor-element-736bb103 elementor-widget elementor-widget-heading\" data-id=\"736bb103\" data-element_type=\"widget\" data-e-type=\"widget\" data-widget_type=\"heading.default\">\n\t\t\t\t<div class=\"elementor-widget-container\">\n\t\t\t\t\t<h3 class=\"elementor-heading-title elementor-size-default\">BTL 2025<\/h3>\t\t\t\t<\/div>\n\t\t\t\t<\/div>\n\t\t\t\t\t<\/div>\n\t\t\t\t<\/div>\n\t\t\t\t<\/div>\n\t\t\n\t\t\t\t\t\t\t\t\t\t\t\t\t<\/div>\n\t\t\t\t\t\t\t\t\t<\/div>\n\n\t\t\t\n\t\t\t\n\t\t\t\t\t<\/div>\n\t\t\t\t\t\t<\/div>\n\t\t\t\t<\/div>\n\t\t\t\t\t<\/div>\n\t\t\t\t<\/div>\n\t\t<div class=\"elementor-element elementor-element-ef965c1 e-flex e-con-boxed e-con e-parent\" data-id=\"ef965c1\" data-element_type=\"container\" data-e-type=\"container\" data-settings=\"{&quot;background_background&quot;:&quot;classic&quot;}\">\n\t\t\t\t\t<div class=\"e-con-inner\">\n\t\t\t\t<div class=\"elementor-element elementor-element-073dc9b elementor-widget elementor-widget-heading\" data-id=\"073dc9b\" data-element_type=\"widget\" data-e-type=\"widget\" data-widget_type=\"heading.default\">\n\t\t\t\t<div class=\"elementor-widget-container\">\n\t\t\t\t\t<h2 class=\"elementor-heading-title elementor-size-default\">Presse<\/h2>\t\t\t\t<\/div>\n\t\t\t\t<\/div>\n\t\t\t\t<div class=\"elementor-element elementor-element-fa24862 elementor-widget__width-initial elementor-widget elementor-widget-text-editor\" data-id=\"fa24862\" data-element_type=\"widget\" data-e-type=\"widget\" data-widget_type=\"text-editor.default\">\n\t\t\t\t<div class=\"elementor-widget-container\">\n\t\t\t\t\t\t\t\t\tCepa C\u2019alua a \u00e9t\u00e9 pr\u00e9sent dans divers m\u00e9dias, apportant l\u2019authenticit\u00e9 et l\u2019histoire de nos vins \u00e0 un public de plus en plus large. Chaque interview, article et mention est une opportunit\u00e9 de partager la passion de Callum et de renforcer l\u2019excellence qui rend nos labels uniques. \u00c0 travers ces apparitions, nous consolidons notre identit\u00e9 et rapprochons les connaisseurs de l\u2019essence de nos vins.\t\t\t\t\t\t\t\t<\/div>\n\t\t\t\t<\/div>\n\t\t\t\t<div class=\"elementor-element elementor-element-4bd4216 pa-carousel-template pa-carousel-horizontal pa-arrows-default elementor-widget elementor-widget-premium-carousel-widget\" data-id=\"4bd4216\" data-element_type=\"widget\" data-e-type=\"widget\" data-widget_type=\"premium-carousel-widget.default\">\n\t\t\t\t<div class=\"elementor-widget-container\">\n\t\t\t\t\t\t\t<div id=\"premium-carousel-wrapper-4bd4216\" class=\"premium-carousel-wrapper premium-carousel-hidden carousel-wrapper-4bd4216 \" data-settings=\"{&quot;vertical&quot;:false,&quot;appearance&quot;:&quot;all&quot;,&quot;slidesToShow&quot;:1,&quot;infinite&quot;:true,&quot;speed&quot;:300,&quot;fade&quot;:false,&quot;autoplay&quot;:true,&quot;autoplaySpeed&quot;:5000,&quot;draggable&quot;:true,&quot;touchMove&quot;:true,&quot;adaptiveHeight&quot;:false,&quot;variableWidth&quot;:false,&quot;cssEase&quot;:&quot;ease&quot;,&quot;pauseOnHover&quot;:false,&quot;centerMode&quot;:false,&quot;arrows&quot;:true,&quot;dots&quot;:false,&quot;slidesDesk&quot;:1,&quot;slidesTab&quot;:1,&quot;slidesMob&quot;:1,&quot;animation&quot;:&quot;null&quot;,&quot;tabletBreak&quot;:1025,&quot;mobileBreak&quot;:768,&quot;navigation&quot;:[&quot;&quot;,&quot;&quot;,&quot;&quot;],&quot;carouselNavigation&quot;:true,&quot;templatesNumber&quot;:3,&quot;hasNavSlider&quot;:false,&quot;mouseTilt&quot;:false,&quot;mouseTiltRev&quot;:false}\">\n\t\t\t<!-- Dots -->\n\t\t\t\n\t\t\t\t\t\t\t<div class=\"premium-carousel-nav-arrow-prev\">\n\t\t\t\t\t<a type=\"button\" data-role=\"none\" class=\"carousel-arrow carousel-prev\" aria-label=\"Previous\" role=\"button\">\n\t\t\t\t\t\t\t\t\t\t\t\t\t<i class=\"fas fa-angle-left\" aria-hidden=\"true\"><\/i>\n\t\t\t\t\t\t\t\t\t\t\t\t<\/a>\n\t\t\t\t\t<\/div>\n\t\t\t\t\t<div class=\"premium-carousel-nav-arrow-next\">\n\t\t\t\t\t\t<a type=\"button\" data-role=\"none\" class=\"carousel-arrow carousel-next\" aria-label=\"Next\" role=\"button\">\n\t\t\t\t\t\t\t\t\t\t\t\t\t\t\t<i class=\"fas fa-angle-right\" aria-hidden=\"true\"><\/i>\n\t\t\t\t\t\t\t\t\t\t\t\t\t\t<\/a>\n\t\t\t\t\t<\/div>\n\t\t\t\n\t\t\t<!-- Main Slides -->\n\t\t\t<div id=\"premium-carousel-4bd4216\" class=\"premium-carousel-inner\">\n\t\t\t\t\t\t\t\t\t\t<div class=\"premium-carousel-template item-wrapper\" >\n\t\t\t\t\t\t\t<style>.elementor-2864 .elementor-element.elementor-element-19679b3a{--display:flex;--flex-direction:column;--container-widget-width:100%;--container-widget-height:initial;--container-widget-flex-grow:0;--container-widget-align-self:initial;--flex-wrap-mobile:wrap;}.elementor-widget-image .widget-image-caption{color:var( --e-global-color-text );font-family:var( --e-global-typography-text-font-family ), Sans-serif;font-weight:var( --e-global-typography-text-font-weight );}.elementor-widget-heading .elementor-heading-title{font-family:var( --e-global-typography-primary-font-family ), Sans-serif;font-weight:var( --e-global-typography-primary-font-weight );color:var( --e-global-color-primary );}.elementor-2864 .elementor-element.elementor-element-1d1da4bb{text-align:center;}.elementor-2864 .elementor-element.elementor-element-1d1da4bb .elementor-heading-title{font-family:\"Martel\", Sans-serif;font-size:18px;font-weight:700;color:#274156;}@media(max-width:767px){.elementor-2864 .elementor-element.elementor-element-1d1da4bb .elementor-heading-title{font-size:14px;line-height:1.5em;}}<\/style>\t\t<div data-elementor-type=\"section\" data-elementor-id=\"2864\" class=\"elementor elementor-2864\">\n\t\t\t\t<div class=\"elementor-element elementor-element-19679b3a e-flex e-con-boxed e-con e-parent\" data-id=\"19679b3a\" data-element_type=\"container\" data-e-type=\"container\">\n\t\t\t\t\t<div class=\"e-con-inner\">\n\t\t\t\t<div class=\"elementor-element elementor-element-54b4feb9 elementor-widget elementor-widget-image\" data-id=\"54b4feb9\" data-element_type=\"widget\" data-e-type=\"widget\" data-widget_type=\"image.default\">\n\t\t\t\t<div class=\"elementor-widget-container\">\n\t\t\t\t\t\t\t\t\t\t\t\t\t\t\t<img loading=\"lazy\" decoding=\"async\" width=\"1024\" height=\"503\" src=\"https:\/\/vinhocallum.pt\/vinhos-beira-interior\/wp-content\/uploads\/2025\/03\/imprensa-02-otmz-1024x503.jpg\" class=\"attachment-large size-large wp-image-2726\" alt=\"\" srcset=\"https:\/\/vinhocallum.pt\/vinhos-beira-interior\/wp-content\/uploads\/2025\/03\/imprensa-02-otmz-1024x503.jpg 1024w, https:\/\/vinhocallum.pt\/vinhos-beira-interior\/wp-content\/uploads\/2025\/03\/imprensa-02-otmz-300x148.jpg 300w, https:\/\/vinhocallum.pt\/vinhos-beira-interior\/wp-content\/uploads\/2025\/03\/imprensa-02-otmz-768x378.jpg 768w, https:\/\/vinhocallum.pt\/vinhos-beira-interior\/wp-content\/uploads\/2025\/03\/imprensa-02-otmz.jpg 1200w\" sizes=\"(max-width: 1024px) 100vw, 1024px\" \/>\t\t\t\t\t\t\t\t\t\t\t\t\t\t\t<\/div>\n\t\t\t\t<\/div>\n\t\t\t\t<div class=\"elementor-element elementor-element-1d1da4bb elementor-widget elementor-widget-heading\" data-id=\"1d1da4bb\" data-element_type=\"widget\" data-e-type=\"widget\" data-widget_type=\"heading.default\">\n\t\t\t\t<div class=\"elementor-widget-container\">\n\t\t\t\t\t<h3 class=\"elementor-heading-title elementor-size-default\">Foire de Pinhal - 2023<\/h3>\t\t\t\t<\/div>\n\t\t\t\t<\/div>\n\t\t\t\t\t<\/div>\n\t\t\t\t<\/div>\n\t\t\t\t<\/div>\n\t\t\n\t\t\t\t\t\t\t\t\t\t\t\t\t<\/div>\n\t\t\t\t\t\t\t\t\t\t\t\t<div class=\"premium-carousel-template item-wrapper\" >\n\t\t\t\t\t\t\t<style>.elementor-2863 .elementor-element.elementor-element-19679b3a{--display:flex;--flex-direction:column;--container-widget-width:100%;--container-widget-height:initial;--container-widget-flex-grow:0;--container-widget-align-self:initial;--flex-wrap-mobile:wrap;}.elementor-widget-image .widget-image-caption{color:var( --e-global-color-text );font-family:var( --e-global-typography-text-font-family ), Sans-serif;font-weight:var( --e-global-typography-text-font-weight );}.elementor-widget-heading .elementor-heading-title{font-family:var( --e-global-typography-primary-font-family ), Sans-serif;font-weight:var( --e-global-typography-primary-font-weight );color:var( --e-global-color-primary );}.elementor-2863 .elementor-element.elementor-element-1d1da4bb{text-align:center;}.elementor-2863 .elementor-element.elementor-element-1d1da4bb .elementor-heading-title{font-family:\"Martel\", Sans-serif;font-size:18px;font-weight:700;color:#274156;}@media(max-width:767px){.elementor-2863 .elementor-element.elementor-element-1d1da4bb .elementor-heading-title{font-size:14px;line-height:1.5em;}}<\/style>\t\t<div data-elementor-type=\"section\" data-elementor-id=\"2863\" class=\"elementor elementor-2863\">\n\t\t\t\t<div class=\"elementor-element elementor-element-19679b3a e-flex e-con-boxed e-con e-parent\" data-id=\"19679b3a\" data-element_type=\"container\" data-e-type=\"container\">\n\t\t\t\t\t<div class=\"e-con-inner\">\n\t\t\t\t<div class=\"elementor-element elementor-element-54b4feb9 elementor-widget elementor-widget-image\" data-id=\"54b4feb9\" data-element_type=\"widget\" data-e-type=\"widget\" data-widget_type=\"image.default\">\n\t\t\t\t<div class=\"elementor-widget-container\">\n\t\t\t\t\t\t\t\t\t\t\t\t\t\t\t<img loading=\"lazy\" decoding=\"async\" width=\"1024\" height=\"503\" src=\"https:\/\/vinhocallum.pt\/vinhos-beira-interior\/wp-content\/uploads\/2025\/03\/imprensa-01-otmz-1024x503.jpg\" class=\"attachment-large size-large wp-image-2725\" alt=\"\" srcset=\"https:\/\/vinhocallum.pt\/vinhos-beira-interior\/wp-content\/uploads\/2025\/03\/imprensa-01-otmz-1024x503.jpg 1024w, https:\/\/vinhocallum.pt\/vinhos-beira-interior\/wp-content\/uploads\/2025\/03\/imprensa-01-otmz-300x148.jpg 300w, https:\/\/vinhocallum.pt\/vinhos-beira-interior\/wp-content\/uploads\/2025\/03\/imprensa-01-otmz-768x378.jpg 768w, https:\/\/vinhocallum.pt\/vinhos-beira-interior\/wp-content\/uploads\/2025\/03\/imprensa-01-otmz.jpg 1200w\" sizes=\"(max-width: 1024px) 100vw, 1024px\" \/>\t\t\t\t\t\t\t\t\t\t\t\t\t\t\t<\/div>\n\t\t\t\t<\/div>\n\t\t\t\t<div class=\"elementor-element elementor-element-1d1da4bb elementor-widget elementor-widget-heading\" data-id=\"1d1da4bb\" data-element_type=\"widget\" data-e-type=\"widget\" data-widget_type=\"heading.default\">\n\t\t\t\t<div class=\"elementor-widget-container\">\n\t\t\t\t\t<h3 class=\"elementor-heading-title elementor-size-default\">Reconqu\u00eate - Estoril Folk Fest 2023<\/h3>\t\t\t\t<\/div>\n\t\t\t\t<\/div>\n\t\t\t\t\t<\/div>\n\t\t\t\t<\/div>\n\t\t\t\t<\/div>\n\t\t\n\t\t\t\t\t\t\t\t\t\t\t\t\t<\/div>\n\t\t\t\t\t\t\t\t\t\t\t\t<div class=\"premium-carousel-template item-wrapper\" >\n\t\t\t\t\t\t\t<style>.elementor-3009 .elementor-element.elementor-element-26d8af4d{--display:flex;--flex-direction:column;--container-widget-width:100%;--container-widget-height:initial;--container-widget-flex-grow:0;--container-widget-align-self:initial;--flex-wrap-mobile:wrap;}.elementor-3009 .elementor-element.elementor-element-b61e1a0 .elementor-wrapper{--video-aspect-ratio:1.77777;}.elementor-3009 .elementor-element.elementor-element-b61e1a0 > .elementor-widget-container{padding:0px 60px 0px 60px;}.elementor-widget-heading .elementor-heading-title{font-family:var( --e-global-typography-primary-font-family ), Sans-serif;font-weight:var( --e-global-typography-primary-font-weight );color:var( --e-global-color-primary );}.elementor-3009 .elementor-element.elementor-element-1507b81e{text-align:center;}.elementor-3009 .elementor-element.elementor-element-1507b81e .elementor-heading-title{font-family:\"Martel\", Sans-serif;font-size:18px;font-weight:700;line-height:22px;color:#274156;}@media(max-width:767px){.elementor-3009 .elementor-element.elementor-element-1507b81e .elementor-heading-title{font-size:14px;line-height:1.5em;}}<\/style>\t\t<div data-elementor-type=\"section\" data-elementor-id=\"3009\" class=\"elementor elementor-3009\">\n\t\t\t\t<div class=\"elementor-element elementor-element-26d8af4d e-flex e-con-boxed e-con e-parent\" data-id=\"26d8af4d\" data-element_type=\"container\" data-e-type=\"container\">\n\t\t\t\t\t<div class=\"e-con-inner\">\n\t\t\t\t<div class=\"elementor-element elementor-element-b61e1a0 elementor-widget elementor-widget-video\" data-id=\"b61e1a0\" data-element_type=\"widget\" data-e-type=\"widget\" data-settings=\"{&quot;youtube_url&quot;:&quot;https:\\\/\\\/youtu.be\\\/ftbfPfECjTk&quot;,&quot;video_type&quot;:&quot;youtube&quot;,&quot;controls&quot;:&quot;yes&quot;}\" data-widget_type=\"video.default\">\n\t\t\t\t<div class=\"elementor-widget-container\">\n\t\t\t\t\t\t\t<div class=\"elementor-wrapper elementor-open-inline\">\n\t\t\t<div class=\"elementor-video\"><\/div>\t\t<\/div>\n\t\t\t\t\t\t<\/div>\n\t\t\t\t<\/div>\n\t\t\t\t<div class=\"elementor-element elementor-element-1507b81e elementor-widget elementor-widget-heading\" data-id=\"1507b81e\" data-element_type=\"widget\" data-e-type=\"widget\" data-widget_type=\"heading.default\">\n\t\t\t\t<div class=\"elementor-widget-container\">\n\t\t\t\t\t<h3 class=\"elementor-heading-title elementor-size-default\">Vid\u00e9o promotionnelle - Source : Rui Espinho<br>\n2023<\/h3>\t\t\t\t<\/div>\n\t\t\t\t<\/div>\n\t\t\t\t\t<\/div>\n\t\t\t\t<\/div>\n\t\t\t\t<\/div>\n\t\t\n\t\t\t\t\t\t\t\t\t\t\t\t\t<\/div>\n\t\t\t\t\t\t\t\t\t<\/div>\n\n\t\t\t\n\t\t\t\n\t\t\t\t\t<\/div>\n\t\t\t\t\t\t<\/div>\n\t\t\t\t<\/div>\n\t\t\t\t\t<\/div>\n\t\t\t\t<\/div>\n\t\t\t\t<\/div>\n\t\t","protected":false},"excerpt":{"rendered":"<p>Le projet Cepa C\u2019alua Notre Histoire L\u2019histoire de Cepa C\u2019alua est l\u2019histoire d\u2019une renaissance. Pendant des si\u00e8cles, le c\u00e9page Callum a \u00e9t\u00e9 un tr\u00e9sor cach\u00e9 parmi les pentes et les vall\u00e9es d&#8217;Oleiros, survivant discr\u00e8tement au passage du temps. Ce c\u00e9page rare, au profil unique et \u00e0 l\u2019identit\u00e9 incomparable, \u00e9tait au bord de l\u2019oubli jusqu\u2019\u00e0 ce [&hellip;]<\/p>\n","protected":false},"author":1,"featured_media":0,"parent":0,"menu_order":0,"comment_status":"closed","ping_status":"closed","template":"elementor_header_footer","meta":{"ocean_post_layout":"","ocean_both_sidebars_style":"","ocean_both_sidebars_content_width":0,"ocean_both_sidebars_sidebars_width":0,"ocean_sidebar":"","ocean_second_sidebar":"","ocean_disable_margins":"enable","ocean_add_body_class":"","ocean_shortcode_before_top_bar":"","ocean_shortcode_after_top_bar":"","ocean_shortcode_before_header":"","ocean_shortcode_after_header":"","ocean_has_shortcode":"","ocean_shortcode_after_title":"","ocean_shortcode_before_footer_widgets":"","ocean_shortcode_after_footer_widgets":"","ocean_shortcode_before_footer_bottom":"","ocean_shortcode_after_footer_bottom":"","ocean_display_top_bar":"default","ocean_display_header":"default","ocean_header_style":"","ocean_center_header_left_menu":"","ocean_custom_header_template":"","ocean_custom_logo":0,"ocean_custom_retina_logo":0,"ocean_custom_logo_max_width":0,"ocean_custom_logo_tablet_max_width":0,"ocean_custom_logo_mobile_max_width":0,"ocean_custom_logo_max_height":0,"ocean_custom_logo_tablet_max_height":0,"ocean_custom_logo_mobile_max_height":0,"ocean_header_custom_menu":"","ocean_menu_typo_font_family":"","ocean_menu_typo_font_subset":"","ocean_menu_typo_font_size":0,"ocean_menu_typo_font_size_tablet":0,"ocean_menu_typo_font_size_mobile":0,"ocean_menu_typo_font_size_unit":"px","ocean_menu_typo_font_weight":"","ocean_menu_typo_font_weight_tablet":"","ocean_menu_typo_font_weight_mobile":"","ocean_menu_typo_transform":"","ocean_menu_typo_transform_tablet":"","ocean_menu_typo_transform_mobile":"","ocean_menu_typo_line_height":0,"ocean_menu_typo_line_height_tablet":0,"ocean_menu_typo_line_height_mobile":0,"ocean_menu_typo_line_height_unit":"","ocean_menu_typo_spacing":0,"ocean_menu_typo_spacing_tablet":0,"ocean_menu_typo_spacing_mobile":0,"ocean_menu_typo_spacing_unit":"","ocean_menu_link_color":"","ocean_menu_link_color_hover":"","ocean_menu_link_color_active":"","ocean_menu_link_background":"","ocean_menu_link_hover_background":"","ocean_menu_link_active_background":"","ocean_menu_social_links_bg":"","ocean_menu_social_hover_links_bg":"","ocean_menu_social_links_color":"","ocean_menu_social_hover_links_color":"","ocean_disable_title":"default","ocean_disable_heading":"default","ocean_post_title":"","ocean_post_subheading":"","ocean_post_title_style":"","ocean_post_title_background_color":"","ocean_post_title_background":0,"ocean_post_title_bg_image_position":"","ocean_post_title_bg_image_attachment":"","ocean_post_title_bg_image_repeat":"","ocean_post_title_bg_image_size":"","ocean_post_title_height":0,"ocean_post_title_bg_overlay":0.5,"ocean_post_title_bg_overlay_color":"","ocean_disable_breadcrumbs":"default","ocean_breadcrumbs_color":"","ocean_breadcrumbs_separator_color":"","ocean_breadcrumbs_links_color":"","ocean_breadcrumbs_links_hover_color":"","ocean_display_footer_widgets":"default","ocean_display_footer_bottom":"default","ocean_custom_footer_template":"","footnotes":""},"class_list":["post-2471","page","type-page","status-publish","hentry","entry"],"_links":{"self":[{"href":"https:\/\/vinhocallum.pt\/vinhos-beira-interior\/index.php\/wp-json\/wp\/v2\/pages\/2471","targetHints":{"allow":["GET"]}}],"collection":[{"href":"https:\/\/vinhocallum.pt\/vinhos-beira-interior\/index.php\/wp-json\/wp\/v2\/pages"}],"about":[{"href":"https:\/\/vinhocallum.pt\/vinhos-beira-interior\/index.php\/wp-json\/wp\/v2\/types\/page"}],"author":[{"embeddable":true,"href":"https:\/\/vinhocallum.pt\/vinhos-beira-interior\/index.php\/wp-json\/wp\/v2\/users\/1"}],"replies":[{"embeddable":true,"href":"https:\/\/vinhocallum.pt\/vinhos-beira-interior\/index.php\/wp-json\/wp\/v2\/comments?post=2471"}],"version-history":[{"count":43,"href":"https:\/\/vinhocallum.pt\/vinhos-beira-interior\/index.php\/wp-json\/wp\/v2\/pages\/2471\/revisions"}],"predecessor-version":[{"id":3017,"href":"https:\/\/vinhocallum.pt\/vinhos-beira-interior\/index.php\/wp-json\/wp\/v2\/pages\/2471\/revisions\/3017"}],"wp:attachment":[{"href":"https:\/\/vinhocallum.pt\/vinhos-beira-interior\/index.php\/wp-json\/wp\/v2\/media?parent=2471"}],"curies":[{"name":"wp","href":"https:\/\/api.w.org\/{rel}","templated":true}]}}